{"id":3269,"date":"2020-10-15T17:26:20","date_gmt":"2020-10-15T20:26:20","guid":{"rendered":"https:\/\/sedes.org.br\/Departamentos\/Psicanalise_da_crianca\/?page_id=1142"},"modified":"2024-10-15T12:08:08","modified_gmt":"2024-10-15T15:08:08","slug":"eventoteca","status":"publish","type":"page","link":"https:\/\/sedes.org.br\/Departamentos\/Psicanalise_da_crianca\/?page_id=3269","title":{"rendered":"Eventoteca"},"content":{"rendered":"<div class=\"fusion-fullwidth fullwidth-box fusion-builder-row-1 fusion-flex-container nonhundred-percent-fullwidth non-hundred-percent-height-scrolling\" style=\"background-color: rgba(255,255,255,0);background-position: center center;background-repeat: no-repeat;border-width: 0px 0px 0px 0px;border-color:var(--awb-color4);border-style:solid;\" ><div class=\"fusion-builder-row fusion-row fusion-flex-align-items-flex-start\" style=\"max-width:1365px;margin-left: calc(-5% \/ 2 );margin-right: calc(-5% \/ 2 );\"><div class=\"fusion-layout-column fusion_builder_column fusion-builder-column-0 fusion_builder_column_1_3 1_3 fusion-flex-column\"><div class=\"fusion-column-wrapper fusion-flex-justify-content-flex-start fusion-content-layout-column\" style=\"background-position:left top;background-repeat:no-repeat;-webkit-background-size:cover;-moz-background-size:cover;-o-background-size:cover;background-size:cover;padding: 0px 0px 0px 0px;\"><style type=\"text\/css\">@media only screen and (max-width:1177px) {.fusion-title.fusion-title-1{margin-top:10px!important; margin-right:0px!important;margin-bottom:15px!important;margin-left:0px!important;}}@media only screen and (max-width:700px) {.fusion-title.fusion-title-1{margin-top:10px!important; margin-right:0px!important;margin-bottom:10px!important; margin-left:0px!important;}}<\/style><div class=\"fusion-title title fusion-title-1 fusion-sep-none fusion-title-text fusion-title-size-two\" style=\"margin-top:10px;margin-right:0px;margin-bottom:15px;margin-left:0px;\"><h2 class=\"title-heading-left\" style=\"margin:0;line-height:1.3em;\">Eventoteca<\/h2><\/div><\/div><style type=\"text\/css\">.fusion-body .fusion-builder-column-0{width:33.333333333333% !important;margin-top : 0px;margin-bottom : 0px;}.fusion-builder-column-0 > .fusion-column-wrapper {padding-top : 0px !important;padding-right : 0px !important;margin-right : 5.7%;padding-bottom : 0px !important;padding-left : 0px !important;margin-left : 7.125%;}@media only screen and (max-width:1177px) {.fusion-body .fusion-builder-column-0{width:33.333333333333% !important;}.fusion-builder-column-0 > .fusion-column-wrapper {margin-right : 5.7%;margin-left : 7.125%;}}@media only screen and (max-width:700px) {.fusion-body .fusion-builder-column-0{width:100% !important;}.fusion-builder-column-0 > .fusion-column-wrapper {margin-right : 2.375%;margin-left : 2.375%;}}<\/style><\/div><div class=\"fusion-layout-column fusion_builder_column fusion-builder-column-1 fusion_builder_column_1_3 1_3 fusion-flex-column\"><div class=\"fusion-column-wrapper fusion-flex-justify-content-flex-start fusion-content-layout-column\" style=\"background-position:left top;background-repeat:no-repeat;-webkit-background-size:cover;-moz-background-size:cover;-o-background-size:cover;background-size:cover;padding: 10px 0px 0px 0px;\"><div class=\"fusion-text fusion-text-1\"><p>Sob a responsabilidade do setor eventos do Departamento, os eventos que realizamos ao longo de nossa trajet\u00f3ria, como curso, e depois como Departamento, a partir de 1997, estar\u00e3o aqui alocados, preservando a hist\u00f3ria desses momentos.<\/p>\n<\/div><\/div><style type=\"text\/css\">.fusion-body .fusion-builder-column-1{width:33.333333333333% !important;margin-top : 0px;margin-bottom : 0px;}.fusion-builder-column-1 > .fusion-column-wrapper {padding-top : 10px !important;padding-right : 0px !important;margin-right : 5.7%;padding-bottom : 0px !important;padding-left : 0px !important;margin-left : 5.7%;}@media only screen and (max-width:1177px) {.fusion-body .fusion-builder-column-1{width:33.333333333333% !important;}.fusion-builder-column-1 > .fusion-column-wrapper {margin-right : 5.7%;margin-left : 5.7%;}}@media only screen and (max-width:700px) {.fusion-body .fusion-builder-column-1{width:100% !important;}.fusion-builder-column-1 > .fusion-column-wrapper {margin-right : 2.375%;margin-left : 2.375%;}}<\/style><\/div><div class=\"fusion-layout-column fusion_builder_column fusion-builder-column-2 fusion_builder_column_1_3 1_3 fusion-flex-column\"><div class=\"fusion-column-wrapper fusion-flex-justify-content-flex-start fusion-content-layout-column\" style=\"background-position:left top;background-repeat:no-repeat;-webkit-background-size:cover;-moz-background-size:cover;-o-background-size:cover;background-size:cover;padding: 10px 0px 0px 0px;\"><div class=\"fusion-text fusion-text-2\"><p>Desde a palestra de Ana Maria Sigal (1), e o evento sobre dor e sofrimento ps\u00edquico (2), no in\u00edcio dos anos noventa, primeiros eventos produzidos pelo ent\u00e3o\u00a0<a href=\"http:\/\/sedes.mopen.com.br\/Departamentos\/Psicanalise_da_crianca\/?p=742\">Curso de Psicoterapia Psicanal\u00edtica<\/a>, at\u00e9 os Col\u00f3quios de Psican\u00e1lise com Crian\u00e7as, em 2009 e 2012, respectivamente, o movimento de nossos eventos certamente atestam o amadurecimento desse grupo que hoje comp\u00f5e o Departamento.<\/p>\n<\/div><\/div><style type=\"text\/css\">.fusion-body .fusion-builder-column-2{width:33.333333333333% !important;margin-top : 0px;margin-bottom : 0px;}.fusion-builder-column-2 > .fusion-column-wrapper {padding-top : 10px !important;padding-right : 0px !important;margin-right : 7.125%;padding-bottom : 0px !important;padding-left : 0px !important;margin-left : 5.7%;}@media only screen and (max-width:1177px) {.fusion-body .fusion-builder-column-2{width:33.333333333333% !important;}.fusion-builder-column-2 > .fusion-column-wrapper {margin-right : 7.125%;margin-left : 5.7%;}}@media only screen and (max-width:700px) {.fusion-body .fusion-builder-column-2{width:100% !important;}.fusion-builder-column-2 > .fusion-column-wrapper {margin-right : 2.375%;margin-left : 2.375%;}}<\/style><\/div><div class=\"fusion-layout-column fusion_builder_column fusion-builder-column-3 fusion_builder_column_1_1 1_1 fusion-flex-column\"><div class=\"fusion-column-wrapper fusion-flex-justify-content-flex-start fusion-content-layout-column\" style=\"background-position:left top;background-repeat:no-repeat;-webkit-background-size:cover;-moz-background-size:cover;-o-background-size:cover;background-size:cover;padding: 0px 0px 0px 0px;\"><div class=\"fusion-separator fusion-full-width-sep\" style=\"align-self: center;margin-left: auto;margin-right: auto;margin-top:3vw;margin-bottom:3.5vw;width:100%;\"><div class=\"fusion-separator-border sep-single sep-solid\" style=\"border-color:var(--awb-color4);border-top-width:1px;\"><\/div><\/div><\/div><style type=\"text\/css\">.fusion-body .fusion-builder-column-3{width:100% !important;margin-top : 0px;margin-bottom : 20px;}.fusion-builder-column-3 > .fusion-column-wrapper {padding-top : 0px !important;padding-right : 0px !important;margin-right : 2.375%;padding-bottom : 0px !important;padding-left : 0px !important;margin-left : 2.375%;}@media only screen and (max-width:1177px) {.fusion-body .fusion-builder-column-3{width:100% !important;order : 0;}.fusion-builder-column-3 > .fusion-column-wrapper {margin-right : 2.375%;margin-left : 2.375%;}}@media only screen and (max-width:700px) {.fusion-body .fusion-builder-column-3{width:100% !important;order : 0;}.fusion-builder-column-3 > .fusion-column-wrapper {margin-right : 2.375%;margin-left : 2.375%;}}<\/style><\/div><div class=\"fusion-layout-column fusion_builder_column fusion-builder-column-4 fusion_builder_column_1_1 1_1 fusion-flex-column\"><div class=\"fusion-column-wrapper fusion-flex-justify-content-flex-start fusion-content-layout-column\" style=\"background-position:left top;background-repeat:no-repeat;-webkit-background-size:cover;-moz-background-size:cover;-o-background-size:cover;background-size:cover;padding: 0px 0px 0px 0px;\"><div class=\"fusion-blog-shortcode fusion-blog-shortcode-1 fusion-blog-archive fusion-blog-layout-medium fusion-blog-no fusion-no-small-visibility fusion-blog-no-images\"><div class=\"fusion-posts-container fusion-posts-container-no\" data-pages=\"0\"><article id=\"blog-1-post-6238\" class=\"fusion-post-medium post-6238 post type-post status-publish format-standard has-post-thumbnail hentry category-coloquio\">\n<div class=\"fusion-post-content post-content\"><h2 class=\"blog-shortcode-post-title entry-title\"><a href=\"https:\/\/sedes.org.br\/Departamentos\/Psicanalise_da_crianca\/?p=6238\">VII COL\u00d3QUIO &#8211; Inf\u00e2ncias Colonizadas e o Brincar Subversivo<\/a><\/h2><\/div><div class=\"fusion-clearfix\"><\/div><div class=\"fusion-meta-info\"><div class=\"fusion-alignleft\"><span class=\"vcard\" style=\"display: none;\"><span class=\"fn\"><a href=\"https:\/\/sedes.org.br\/Departamentos\/Psicanalise_da_crianca\/?author=1\" title=\"Posts de psicrianca\" rel=\"author\">psicrianca<\/a><\/span><\/span><span class=\"updated\" style=\"display:none;\">2024-11-24T16:28:23-03:00<\/span><span>24 de novembro de 2024<\/span><span class=\"fusion-inline-sep\">|<\/span><\/div><\/div><\/article>\n<article id=\"blog-1-post-5067\" class=\"fusion-post-medium post-5067 post type-post status-publish format-standard hentry category-eventoteca-2 tag-eventoteca-video\">\n<div class=\"fusion-post-content post-content\"><h2 class=\"blog-shortcode-post-title entry-title\"><a href=\"https:\/\/sedes.org.br\/Departamentos\/Psicanalise_da_crianca\/?p=5067\">A cl\u00ednica com crian\u00e7as em situa\u00e7\u00e3o de acolhimento institucional e CAPSIJ<\/a><\/h2><\/div><div class=\"fusion-clearfix\"><\/div><div class=\"fusion-meta-info\"><div class=\"fusion-alignleft\"><span class=\"vcard\" style=\"display: none;\"><span class=\"fn\"><a href=\"https:\/\/sedes.org.br\/Departamentos\/Psicanalise_da_crianca\/?author=1\" title=\"Posts de psicrianca\" rel=\"author\">psicrianca<\/a><\/span><\/span><span class=\"updated\" style=\"display:none;\">2024-09-09T16:26:06-03:00<\/span><span>9 de setembro de 2024<\/span><span class=\"fusion-inline-sep\">|<\/span><\/div><\/div><\/article>\n<article id=\"blog-1-post-5065\" class=\"fusion-post-medium post-5065 post type-post status-publish format-standard hentry category-eventoteca-2 tag-eventoteca-video\">\n<div class=\"fusion-post-content post-content\"><h2 class=\"blog-shortcode-post-title entry-title\"><a href=\"https:\/\/sedes.org.br\/Departamentos\/Psicanalise_da_crianca\/?p=5065\">Trabalho com fam\u00edlias e crian\u00e7as pequenas.<\/a><\/h2><\/div><div class=\"fusion-clearfix\"><\/div><div class=\"fusion-meta-info\"><div class=\"fusion-alignleft\"><span class=\"vcard\" style=\"display: none;\"><span class=\"fn\"><a href=\"https:\/\/sedes.org.br\/Departamentos\/Psicanalise_da_crianca\/?author=1\" title=\"Posts de psicrianca\" rel=\"author\">psicrianca<\/a><\/span><\/span><span class=\"updated\" style=\"display:none;\">2024-09-09T16:25:09-03:00<\/span><span>9 de setembro de 2024<\/span><span class=\"fusion-inline-sep\">|<\/span><\/div><\/div><\/article>\n<article id=\"blog-1-post-5062\" class=\"fusion-post-medium post-5062 post type-post status-publish format-standard hentry category-eventoteca-2 tag-eventoteca-video\">\n<div class=\"fusion-post-content post-content\"><h2 class=\"blog-shortcode-post-title entry-title\"><a href=\"https:\/\/sedes.org.br\/Departamentos\/Psicanalise_da_crianca\/?p=5062\">Atendimento online de crian\u00e7as: limites e transforma\u00e7\u00f5es<\/a><\/h2><\/div><div class=\"fusion-clearfix\"><\/div><div class=\"fusion-meta-info\"><div class=\"fusion-alignleft\"><span class=\"vcard\" style=\"display: none;\"><span class=\"fn\"><a href=\"https:\/\/sedes.org.br\/Departamentos\/Psicanalise_da_crianca\/?author=1\" title=\"Posts de psicrianca\" rel=\"author\">psicrianca<\/a><\/span><\/span><span class=\"updated\" style=\"display:none;\">2024-09-09T16:24:12-03:00<\/span><span>9 de setembro de 2024<\/span><span class=\"fusion-inline-sep\">|<\/span><\/div><\/div><\/article>\n<article id=\"blog-1-post-3529\" class=\"fusion-post-medium post-3529 post type-post status-publish format-standard has-post-thumbnail hentry category-eventoteca-2\">\n<div class=\"fusion-post-content post-content\"><h2 class=\"blog-shortcode-post-title entry-title\"><a href=\"https:\/\/sedes.org.br\/Departamentos\/Psicanalise_da_crianca\/?p=3529\">Cl\u00ednica psicanal\u00edtica de crian\u00e7as em tempos de virtualidade<\/a><\/h2><\/div><div class=\"fusion-clearfix\"><\/div><div class=\"fusion-meta-info\"><div class=\"fusion-alignleft\"><span class=\"vcard\" style=\"display: none;\"><span class=\"fn\"><a href=\"https:\/\/sedes.org.br\/Departamentos\/Psicanalise_da_crianca\/?author=1\" title=\"Posts de psicrianca\" rel=\"author\">psicrianca<\/a><\/span><\/span><span class=\"updated\" style=\"display:none;\">2024-04-01T15:57:28-03:00<\/span><span>1 de abril de 2024<\/span><span class=\"fusion-inline-sep\">|<\/span><\/div><\/div><\/article>\n<article id=\"blog-1-post-3530\" class=\"fusion-post-medium post-3530 post type-post status-publish format-standard has-post-thumbnail hentry category-eventoteca-2\">\n<div class=\"fusion-post-content post-content\"><h2 class=\"blog-shortcode-post-title entry-title\"><a href=\"https:\/\/sedes.org.br\/Departamentos\/Psicanalise_da_crianca\/?p=3530\">Precisamos falar sobre psicose infantil com Christian Dunker<\/a><\/h2><\/div><div class=\"fusion-clearfix\"><\/div><div class=\"fusion-meta-info\"><div class=\"fusion-alignleft\"><span class=\"vcard\" style=\"display: none;\"><span class=\"fn\"><a href=\"https:\/\/sedes.org.br\/Departamentos\/Psicanalise_da_crianca\/?author=1\" title=\"Posts de psicrianca\" rel=\"author\">psicrianca<\/a><\/span><\/span><span class=\"updated\" style=\"display:none;\">2024-04-02T11:51:39-03:00<\/span><span>1 de abril de 2024<\/span><span class=\"fusion-inline-sep\">|<\/span><\/div><\/div><\/article>\n<article id=\"blog-1-post-3491\" class=\"fusion-post-medium post-3491 post type-post status-publish format-video has-post-thumbnail hentry category-eventoteca-2 post_format-post-format-video\">\n<div class=\"fusion-post-content post-content\"><h2 class=\"blog-shortcode-post-title entry-title\"><a href=\"https:\/\/sedes.org.br\/Departamentos\/Psicanalise_da_crianca\/?p=3491\">\u201cFreud e as crian\u00e7as do kibutz\u201d com Guido Liebermann<\/a><\/h2><\/div><div class=\"fusion-clearfix\"><\/div><div class=\"fusion-meta-info\"><div class=\"fusion-alignleft\"><span class=\"vcard\" style=\"display: none;\"><span class=\"fn\"><a href=\"https:\/\/sedes.org.br\/Departamentos\/Psicanalise_da_crianca\/?author=1\" title=\"Posts de psicrianca\" rel=\"author\">psicrianca<\/a><\/span><\/span><span class=\"updated\" style=\"display:none;\">2024-04-02T11:50:34-03:00<\/span><span>12 de setembro de 2023<\/span><span class=\"fusion-inline-sep\">|<\/span><\/div><\/div><\/article>\n<article id=\"blog-1-post-3059\" class=\"fusion-post-medium post-3059 post type-post status-publish format-standard hentry category-eventoteca-2\">\n<div class=\"fusion-post-content post-content\"><h2 class=\"blog-shortcode-post-title entry-title\"><a href=\"https:\/\/sedes.org.br\/Departamentos\/Psicanalise_da_crianca\/?p=3059\">INTERLOCU\u00c7\u00d5ES: Gemelaridade &#8211; Potencialidade Traum\u00e1tica e Potencialidade Emp\u00e1tica<\/a><\/h2><\/div><div class=\"fusion-clearfix\"><\/div><div class=\"fusion-meta-info\"><div class=\"fusion-alignleft\"><span class=\"vcard\" style=\"display: none;\"><span class=\"fn\"><a href=\"https:\/\/sedes.org.br\/Departamentos\/Psicanalise_da_crianca\/?author=1\" title=\"Posts de psicrianca\" rel=\"author\">psicrianca<\/a><\/span><\/span><span class=\"updated\" style=\"display:none;\">2019-11-10T22:51:32-03:00<\/span><span>14 de outubro de 2019<\/span><span class=\"fusion-inline-sep\">|<\/span><\/div><\/div><\/article>\n<article id=\"blog-1-post-3051\" class=\"fusion-post-medium post-3051 post type-post status-publish format-standard hentry category-eventoteca-2\">\n<div class=\"fusion-post-content post-content\"><h2 class=\"blog-shortcode-post-title entry-title\"><a href=\"https:\/\/sedes.org.br\/Departamentos\/Psicanalise_da_crianca\/?p=3051\">CINEMA E PSICAN\u00c1LISE: A desconcertante aproxima\u00e7\u00e3o do suic\u00eddio com a inf\u00e2ncia<\/a><\/h2><\/div><div class=\"fusion-clearfix\"><\/div><div class=\"fusion-meta-info\"><div class=\"fusion-alignleft\"><span class=\"vcard\" style=\"display: none;\"><span class=\"fn\"><a href=\"https:\/\/sedes.org.br\/Departamentos\/Psicanalise_da_crianca\/?author=1\" title=\"Posts de psicrianca\" rel=\"author\">psicrianca<\/a><\/span><\/span><span class=\"updated\" style=\"display:none;\">2019-11-10T22:50:53-03:00<\/span><span>14 de outubro de 2019<\/span><span class=\"fusion-inline-sep\">|<\/span><\/div><\/div><\/article>\n<article id=\"blog-1-post-3010\" class=\"fusion-post-medium post-3010 post type-post status-publish format-standard hentry category-eventoteca-2\">\n<div class=\"fusion-post-content post-content\"><h2 class=\"blog-shortcode-post-title entry-title\"><a href=\"https:\/\/sedes.org.br\/Departamentos\/Psicanalise_da_crianca\/?p=3010\">DEBATE: As Crian\u00e7as da Psican\u00e1lise: Scholomo, Hans, Arpad, Hilda e Fritz<\/a><\/h2><\/div><div class=\"fusion-clearfix\"><\/div><div class=\"fusion-meta-info\"><div class=\"fusion-alignleft\"><span class=\"vcard\" style=\"display: none;\"><span class=\"fn\"><a href=\"https:\/\/sedes.org.br\/Departamentos\/Psicanalise_da_crianca\/?author=1\" title=\"Posts de psicrianca\" rel=\"author\">psicrianca<\/a><\/span><\/span><span class=\"updated\" style=\"display:none;\">2019-11-10T22:51:08-03:00<\/span><span>11 de junho de 2019<\/span><span class=\"fusion-inline-sep\">|<\/span><\/div><\/div><\/article>\n<article id=\"blog-1-post-3001\" class=\"fusion-post-medium post-3001 post type-post status-publish format-standard hentry category-eventoteca-2\">\n<div class=\"fusion-post-content post-content\"><h2 class=\"blog-shortcode-post-title entry-title\"><a href=\"https:\/\/sedes.org.br\/Departamentos\/Psicanalise_da_crianca\/?p=3001\">INTERLOCU\u00c7\u00d5ES: O Amor para a Filosofia<\/a><\/h2><\/div><div class=\"fusion-clearfix\"><\/div><div class=\"fusion-meta-info\"><div class=\"fusion-alignleft\"><span class=\"vcard\" style=\"display: none;\"><span class=\"fn\"><a href=\"https:\/\/sedes.org.br\/Departamentos\/Psicanalise_da_crianca\/?author=1\" title=\"Posts de psicrianca\" rel=\"author\">psicrianca<\/a><\/span><\/span><span class=\"updated\" style=\"display:none;\">2019-11-10T22:51:43-03:00<\/span><span>11 de junho de 2019<\/span><span class=\"fusion-inline-sep\">|<\/span><\/div><\/div><\/article>\n<article id=\"blog-1-post-2978\" class=\"fusion-post-medium post-2978 post type-post status-publish format-standard hentry category-eventoteca-2\">\n<div class=\"fusion-post-content post-content\"><h2 class=\"blog-shortcode-post-title entry-title\"><a href=\"https:\/\/sedes.org.br\/Departamentos\/Psicanalise_da_crianca\/?p=2978\">INTERLOCU\u00c7\u00d5ES: A l\u00f3gica paradoxal dos espa\u00e7os de sustenta\u00e7\u00e3o. Introdu\u00e7\u00e3o \u00e0 obra de Peter Sloterdijk<\/a><\/h2><\/div><div class=\"fusion-clearfix\"><\/div><div class=\"fusion-meta-info\"><div class=\"fusion-alignleft\"><span class=\"vcard\" style=\"display: none;\"><span class=\"fn\"><a href=\"https:\/\/sedes.org.br\/Departamentos\/Psicanalise_da_crianca\/?author=1\" title=\"Posts de psicrianca\" rel=\"author\">psicrianca<\/a><\/span><\/span><span class=\"updated\" style=\"display:none;\">2019-06-11T20:05:58-03:00<\/span><span>15 de abril de 2019<\/span><span class=\"fusion-inline-sep\">|<\/span><\/div><\/div><\/article>\n<article id=\"blog-1-post-2934\" class=\"fusion-post-medium post-2934 post type-post status-publish format-standard hentry category-eventoteca-2\">\n<div class=\"fusion-post-content post-content\"><h2 class=\"blog-shortcode-post-title entry-title\"><a href=\"https:\/\/sedes.org.br\/Departamentos\/Psicanalise_da_crianca\/?p=2934\">Repensando a Psican\u00e1lise: Conversas com Marie-Claude Tomas<\/a><\/h2><\/div><div class=\"fusion-clearfix\"><\/div><div class=\"fusion-meta-info\"><div class=\"fusion-alignleft\"><span class=\"vcard\" style=\"display: none;\"><span class=\"fn\"><a href=\"https:\/\/sedes.org.br\/Departamentos\/Psicanalise_da_crianca\/?author=1\" title=\"Posts de psicrianca\" rel=\"author\">psicrianca<\/a><\/span><\/span><span class=\"updated\" style=\"display:none;\">2019-06-11T20:05:41-03:00<\/span><span>11 de mar\u00e7o de 2019<\/span><span class=\"fusion-inline-sep\">|<\/span><\/div><\/div><\/article>\n<article id=\"blog-1-post-2893\" class=\"fusion-post-medium post-2893 post type-post status-publish format-standard hentry category-eventoteca-2\">\n<div class=\"fusion-post-content post-content\"><h2 class=\"blog-shortcode-post-title entry-title\"><a href=\"https:\/\/sedes.org.br\/Departamentos\/Psicanalise_da_crianca\/?p=2893\">INTERLOCU\u00c7\u00d5ES: Constitui\u00e7\u00e3o e Reconstitui\u00e7\u00e3o de V\u00ednculos na UTI Neonatal<\/a><\/h2><\/div><div class=\"fusion-clearfix\"><\/div><div class=\"fusion-meta-info\"><div class=\"fusion-alignleft\"><span class=\"vcard\" style=\"display: none;\"><span class=\"fn\"><a href=\"https:\/\/sedes.org.br\/Departamentos\/Psicanalise_da_crianca\/?author=1\" title=\"Posts de psicrianca\" rel=\"author\">psicrianca<\/a><\/span><\/span><span class=\"updated\" style=\"display:none;\">2019-03-11T11:18:07-03:00<\/span><span>29 de outubro de 2018<\/span><span class=\"fusion-inline-sep\">|<\/span><\/div><\/div><\/article>\n<article id=\"blog-1-post-2874\" class=\"fusion-post-medium post-2874 post type-post status-publish format-standard hentry category-eventoteca-2\">\n<div class=\"fusion-post-content post-content\"><h2 class=\"blog-shortcode-post-title entry-title\"><a href=\"https:\/\/sedes.org.br\/Departamentos\/Psicanalise_da_crianca\/?p=2874\">INTERLOCU\u00c7\u00d5ES: O Impulso Amoroso Primitivo<\/a><\/h2><\/div><div class=\"fusion-clearfix\"><\/div><div class=\"fusion-meta-info\"><div class=\"fusion-alignleft\"><span class=\"vcard\" style=\"display: none;\"><span class=\"fn\"><a href=\"https:\/\/sedes.org.br\/Departamentos\/Psicanalise_da_crianca\/?author=1\" title=\"Posts de psicrianca\" rel=\"author\">psicrianca<\/a><\/span><\/span><span class=\"updated\" style=\"display:none;\">2019-03-11T11:18:27-03:00<\/span><span>19 de agosto de 2018<\/span><span class=\"fusion-inline-sep\">|<\/span><\/div><\/div><\/article>\n<article id=\"blog-1-post-2862\" class=\"fusion-post-medium post-2862 post type-post status-publish format-standard hentry category-eventoteca-2\">\n<div class=\"fusion-post-content post-content\"><h2 class=\"blog-shortcode-post-title entry-title\"><a href=\"https:\/\/sedes.org.br\/Departamentos\/Psicanalise_da_crianca\/?p=2862\">CURSO: Cl\u00ednica Psicanal\u00edtica com Crian\u00e7as: A Configura\u00e7\u00e3o de um Campo<\/a><\/h2><\/div><div class=\"fusion-clearfix\"><\/div><div class=\"fusion-meta-info\"><div class=\"fusion-alignleft\"><span class=\"vcard\" style=\"display: none;\"><span class=\"fn\"><a href=\"https:\/\/sedes.org.br\/Departamentos\/Psicanalise_da_crianca\/?author=1\" title=\"Posts de psicrianca\" rel=\"author\">psicrianca<\/a><\/span><\/span><span class=\"updated\" style=\"display:none;\">2018-12-12T12:37:20-03:00<\/span><span>6 de agosto de 2018<\/span><span class=\"fusion-inline-sep\">|<\/span><\/div><\/div><\/article>\n<article id=\"blog-1-post-2846\" class=\"fusion-post-medium post-2846 post type-post status-publish format-standard hentry category-eventoteca-2\">\n<div class=\"fusion-post-content post-content\"><h2 class=\"blog-shortcode-post-title entry-title\"><a href=\"https:\/\/sedes.org.br\/Departamentos\/Psicanalise_da_crianca\/?p=2846\">INTERLOCU\u00c7\u00d5ES: Depress\u00e3o e Suic\u00eddio na Inf\u00e2ncia e na Adolesc\u00eancia<\/a><\/h2><\/div><div class=\"fusion-clearfix\"><\/div><div class=\"fusion-meta-info\"><div class=\"fusion-alignleft\"><span class=\"vcard\" style=\"display: none;\"><span class=\"fn\"><a href=\"https:\/\/sedes.org.br\/Departamentos\/Psicanalise_da_crianca\/?author=1\" title=\"Posts de psicrianca\" rel=\"author\">psicrianca<\/a><\/span><\/span><span class=\"updated\" style=\"display:none;\">2018-08-19T15:17:02-03:00<\/span><span>9 de junho de 2018<\/span><span class=\"fusion-inline-sep\">|<\/span><\/div><\/div><\/article>\n<article id=\"blog-1-post-2827\" class=\"fusion-post-medium post-2827 post type-post status-publish format-standard hentry category-eventoteca-2\">\n<div class=\"fusion-post-content post-content\"><h2 class=\"blog-shortcode-post-title entry-title\"><a href=\"https:\/\/sedes.org.br\/Departamentos\/Psicanalise_da_crianca\/?p=2827\">DEBATE: Jornada de Casos Cl\u00ednicos<\/a><\/h2><\/div><div class=\"fusion-clearfix\"><\/div><div class=\"fusion-meta-info\"><div class=\"fusion-alignleft\"><span class=\"vcard\" style=\"display: none;\"><span class=\"fn\"><a href=\"https:\/\/sedes.org.br\/Departamentos\/Psicanalise_da_crianca\/?author=1\" title=\"Posts de psicrianca\" rel=\"author\">psicrianca<\/a><\/span><\/span><span class=\"updated\" style=\"display:none;\">2018-08-19T15:18:40-03:00<\/span><span>3 de maio de 2018<\/span><span class=\"fusion-inline-sep\">|<\/span><\/div><\/div><\/article>\n<article id=\"blog-1-post-2803\" class=\"fusion-post-medium post-2803 post type-post status-publish format-standard hentry category-eventoteca-2\">\n<div class=\"fusion-post-content post-content\"><h2 class=\"blog-shortcode-post-title entry-title\"><a href=\"https:\/\/sedes.org.br\/Departamentos\/Psicanalise_da_crianca\/?p=2803\">INTERLOCU\u00c7\u00d5ES: Borderline &#8211; Uma forma de estar no mundo?<\/a><\/h2><\/div><div class=\"fusion-clearfix\"><\/div><div class=\"fusion-meta-info\"><div class=\"fusion-alignleft\"><span class=\"vcard\" style=\"display: none;\"><span class=\"fn\"><a href=\"https:\/\/sedes.org.br\/Departamentos\/Psicanalise_da_crianca\/?author=1\" title=\"Posts de psicrianca\" rel=\"author\">psicrianca<\/a><\/span><\/span><span class=\"updated\" style=\"display:none;\">2018-06-09T15:57:50-03:00<\/span><span>15 de abril de 2018<\/span><span class=\"fusion-inline-sep\">|<\/span><\/div><\/div><\/article>\n<article id=\"blog-1-post-2741\" class=\"fusion-post-medium post-2741 post type-post status-publish format-standard has-post-thumbnail hentry category-coloquio category-eventoteca-2 tag-coloquio\">\n<div class=\"fusion-post-content post-content\"><h2 class=\"blog-shortcode-post-title entry-title\"><a href=\"https:\/\/sedes.org.br\/Departamentos\/Psicanalise_da_crianca\/?p=2741\">V Col\u00f3quio de Psican\u00e1lise com Crian\u00e7as: A crian\u00e7a e o mal-estar contempor\u00e2neo<\/a><\/h2><\/div><div class=\"fusion-clearfix\"><\/div><div class=\"fusion-meta-info\"><div class=\"fusion-alignleft\"><span class=\"vcard\" style=\"display: none;\"><span class=\"fn\"><a href=\"https:\/\/sedes.org.br\/Departamentos\/Psicanalise_da_crianca\/?author=1\" title=\"Posts de psicrianca\" rel=\"author\">psicrianca<\/a><\/span><\/span><span class=\"updated\" style=\"display:none;\">2024-04-22T15:20:12-03:00<\/span><span>7 de fevereiro de 2018<\/span><span class=\"fusion-inline-sep\">|<\/span><\/div><\/div><\/article>\n<article id=\"blog-1-post-2692\" class=\"fusion-post-medium post-2692 post type-post status-publish format-standard hentry category-eventoteca-2\">\n<div class=\"fusion-post-content post-content\"><h2 class=\"blog-shortcode-post-title entry-title\"><a href=\"https:\/\/sedes.org.br\/Departamentos\/Psicanalise_da_crianca\/?p=2692\">DEBATE: De que nos fala o adolescente em Acolhimento Institucional?<\/a><\/h2><\/div><div class=\"fusion-clearfix\"><\/div><div class=\"fusion-meta-info\"><div class=\"fusion-alignleft\"><span class=\"vcard\" style=\"display: none;\"><span class=\"fn\"><a href=\"https:\/\/sedes.org.br\/Departamentos\/Psicanalise_da_crianca\/?author=1\" title=\"Posts de psicrianca\" rel=\"author\">psicrianca<\/a><\/span><\/span><span class=\"updated\" style=\"display:none;\">2018-02-07T10:11:27-03:00<\/span><span>24 de outubro de 2017<\/span><span class=\"fusion-inline-sep\">|<\/span><\/div><\/div><\/article>\n<article id=\"blog-1-post-2685\" class=\"fusion-post-medium post-2685 post type-post status-publish format-standard hentry category-eventoteca-2\">\n<div class=\"fusion-post-content post-content\"><h2 class=\"blog-shortcode-post-title entry-title\"><a href=\"https:\/\/sedes.org.br\/Departamentos\/Psicanalise_da_crianca\/?p=2685\">DEBATE: Jornada de Casos Cl\u00ednicos<\/a><\/h2><\/div><div class=\"fusion-clearfix\"><\/div><div class=\"fusion-meta-info\"><div class=\"fusion-alignleft\"><span class=\"vcard\" style=\"display: none;\"><span class=\"fn\"><a href=\"https:\/\/sedes.org.br\/Departamentos\/Psicanalise_da_crianca\/?author=1\" title=\"Posts de psicrianca\" rel=\"author\">psicrianca<\/a><\/span><\/span><span class=\"updated\" style=\"display:none;\">2018-02-07T10:11:37-03:00<\/span><span>21 de outubro de 2017<\/span><span class=\"fusion-inline-sep\">|<\/span><\/div><\/div><\/article>\n<article id=\"blog-1-post-2671\" class=\"fusion-post-medium post-2671 post type-post status-publish format-standard hentry category-eventoteca-2\">\n<div class=\"fusion-post-content post-content\"><h2 class=\"blog-shortcode-post-title entry-title\"><a href=\"https:\/\/sedes.org.br\/Departamentos\/Psicanalise_da_crianca\/?p=2671\">INTERLOCU\u00c7\u00d5ES: A Era Digital e Seu Impacto na Subjetiva\u00e7\u00e3o<\/a><\/h2><\/div><div class=\"fusion-clearfix\"><\/div><div class=\"fusion-meta-info\"><div class=\"fusion-alignleft\"><span class=\"vcard\" style=\"display: none;\"><span class=\"fn\"><a href=\"https:\/\/sedes.org.br\/Departamentos\/Psicanalise_da_crianca\/?author=1\" title=\"Posts de psicrianca\" rel=\"author\">psicrianca<\/a><\/span><\/span><span class=\"updated\" style=\"display:none;\">2018-02-07T10:12:08-03:00<\/span><span>21 de outubro de 2017<\/span><span class=\"fusion-inline-sep\">|<\/span><\/div><\/div><\/article>\n<article id=\"blog-1-post-2661\" class=\"fusion-post-medium post-2661 post type-post status-publish format-standard hentry category-eventoteca-2\">\n<div class=\"fusion-post-content post-content\"><h2 class=\"blog-shortcode-post-title entry-title\"><a href=\"https:\/\/sedes.org.br\/Departamentos\/Psicanalise_da_crianca\/?p=2661\">DEBATE: Forma\u00e7\u00e3o e Transmiss\u00e3o na Psican\u00e1lise com Crian\u00e7as Hoje<\/a><\/h2><\/div><div class=\"fusion-clearfix\"><\/div><div class=\"fusion-meta-info\"><div class=\"fusion-alignleft\"><span class=\"vcard\" style=\"display: none;\"><span class=\"fn\"><a href=\"https:\/\/sedes.org.br\/Departamentos\/Psicanalise_da_crianca\/?author=1\" title=\"Posts de psicrianca\" rel=\"author\">psicrianca<\/a><\/span><\/span><span class=\"updated\" style=\"display:none;\">2017-10-21T10:10:51-03:00<\/span><span>9 de setembro de 2017<\/span><span class=\"fusion-inline-sep\">|<\/span><\/div><\/div><\/article>\n<article id=\"blog-1-post-2627\" class=\"fusion-post-medium post-2627 post type-post status-publish format-standard hentry category-eventoteca-2\">\n<div class=\"fusion-post-content post-content\"><h2 class=\"blog-shortcode-post-title entry-title\"><a href=\"https:\/\/sedes.org.br\/Departamentos\/Psicanalise_da_crianca\/?p=2627\">DEBATE: Caminhos da Forma\u00e7\u00e3o do Psicanalista de Crian\u00e7as, com Clarissa Ferreira Martins Cera<\/a><\/h2><\/div><div class=\"fusion-clearfix\"><\/div><div class=\"fusion-meta-info\"><div class=\"fusion-alignleft\"><span class=\"vcard\" style=\"display: none;\"><span class=\"fn\"><a href=\"https:\/\/sedes.org.br\/Departamentos\/Psicanalise_da_crianca\/?author=1\" title=\"Posts de psicrianca\" rel=\"author\">psicrianca<\/a><\/span><\/span><span class=\"updated\" style=\"display:none;\">2017-10-21T10:11:05-03:00<\/span><span>23 de agosto de 2017<\/span><span class=\"fusion-inline-sep\">|<\/span><\/div><\/div><\/article>\n<article id=\"blog-1-post-2606\" class=\"fusion-post-medium post-2606 post type-post status-publish format-standard hentry category-eventoteca-2\">\n<div class=\"fusion-post-content post-content\"><h2 class=\"blog-shortcode-post-title entry-title\"><a href=\"https:\/\/sedes.org.br\/Departamentos\/Psicanalise_da_crianca\/?p=2606\">INTERLOCU\u00c7\u00d5ES: Winnicott e a Experi\u00eancia Amorosa<\/a><\/h2><\/div><div class=\"fusion-clearfix\"><\/div><div class=\"fusion-meta-info\"><div class=\"fusion-alignleft\"><span class=\"vcard\" style=\"display: none;\"><span class=\"fn\"><a href=\"https:\/\/sedes.org.br\/Departamentos\/Psicanalise_da_crianca\/?author=1\" title=\"Posts de psicrianca\" rel=\"author\">psicrianca<\/a><\/span><\/span><span class=\"updated\" style=\"display:none;\">2017-10-21T10:11:17-03:00<\/span><span>14 de agosto de 2017<\/span><span class=\"fusion-inline-sep\">|<\/span><\/div><\/div><\/article>\n<article id=\"blog-1-post-2579\" class=\"fusion-post-medium post-2579 post type-post status-publish format-standard hentry category-eventoteca-2\">\n<div class=\"fusion-post-content post-content\"><h2 class=\"blog-shortcode-post-title entry-title\"><a href=\"https:\/\/sedes.org.br\/Departamentos\/Psicanalise_da_crianca\/?p=2579\">Cl\u00ednica Psicanal\u00edtica com Crian\u00e7as: A Configura\u00e7\u00e3o de um Campo<\/a><\/h2><\/div><div class=\"fusion-clearfix\"><\/div><div class=\"fusion-meta-info\"><div class=\"fusion-alignleft\"><span class=\"vcard\" style=\"display: none;\"><span class=\"fn\"><a href=\"https:\/\/sedes.org.br\/Departamentos\/Psicanalise_da_crianca\/?author=1\" title=\"Posts de psicrianca\" rel=\"author\">psicrianca<\/a><\/span><\/span><span class=\"updated\" style=\"display:none;\">2018-12-12T12:37:51-03:00<\/span><span>9 de julho de 2017<\/span><span class=\"fusion-inline-sep\">|<\/span><\/div><\/div><\/article>\n<article id=\"blog-1-post-2564\" class=\"fusion-post-medium post-2564 post type-post status-publish format-standard hentry category-eventoteca-2\">\n<div class=\"fusion-post-content post-content\"><h2 class=\"blog-shortcode-post-title entry-title\"><a href=\"https:\/\/sedes.org.br\/Departamentos\/Psicanalise_da_crianca\/?p=2564\">Contribui\u00e7\u00f5es da Psican\u00e1lise \u00e0s Escritas da Cl\u00ednica: Trauma e Escrita<\/a><\/h2><\/div><div class=\"fusion-clearfix\"><\/div><div class=\"fusion-meta-info\"><div class=\"fusion-alignleft\"><span class=\"vcard\" style=\"display: none;\"><span class=\"fn\"><a href=\"https:\/\/sedes.org.br\/Departamentos\/Psicanalise_da_crianca\/?author=1\" title=\"Posts de psicrianca\" rel=\"author\">psicrianca<\/a><\/span><\/span><span class=\"updated\" style=\"display:none;\">2018-12-12T12:38:48-03:00<\/span><span>2 de julho de 2017<\/span><span class=\"fusion-inline-sep\">|<\/span><\/div><\/div><\/article>\n<article id=\"blog-1-post-2549\" class=\"fusion-post-medium post-2549 post type-post status-publish format-standard hentry category-eventoteca-2\">\n<div class=\"fusion-post-content post-content\"><h2 class=\"blog-shortcode-post-title entry-title\"><a href=\"https:\/\/sedes.org.br\/Departamentos\/Psicanalise_da_crianca\/?p=2549\">XI Jornada Interna<\/a><\/h2><\/div><div class=\"fusion-clearfix\"><\/div><div class=\"fusion-meta-info\"><div class=\"fusion-alignleft\"><span class=\"vcard\" style=\"display: none;\"><span class=\"fn\"><a href=\"https:\/\/sedes.org.br\/Departamentos\/Psicanalise_da_crianca\/?author=1\" title=\"Posts de psicrianca\" rel=\"author\">psicrianca<\/a><\/span><\/span><span class=\"updated\" style=\"display:none;\">2017-10-21T10:11:29-03:00<\/span><span>21 de maio de 2017<\/span><span class=\"fusion-inline-sep\">|<\/span><\/div><\/div><\/article>\n<article id=\"blog-1-post-2541\" class=\"fusion-post-medium post-2541 post type-post status-publish format-standard hentry category-eventoteca-2\">\n<div class=\"fusion-post-content post-content\"><h2 class=\"blog-shortcode-post-title entry-title\"><a href=\"https:\/\/sedes.org.br\/Departamentos\/Psicanalise_da_crianca\/?p=2541\">INTERLOCU\u00c7\u00d5ES: Os Desafios da Cl\u00ednica Transcultural<\/a><\/h2><\/div><div class=\"fusion-clearfix\"><\/div><div class=\"fusion-meta-info\"><div class=\"fusion-alignleft\"><span class=\"vcard\" style=\"display: none;\"><span class=\"fn\"><a href=\"https:\/\/sedes.org.br\/Departamentos\/Psicanalise_da_crianca\/?author=1\" title=\"Posts de psicrianca\" rel=\"author\">psicrianca<\/a><\/span><\/span><span class=\"updated\" style=\"display:none;\">2017-07-09T21:35:32-03:00<\/span><span>21 de maio de 2017<\/span><span class=\"fusion-inline-sep\">|<\/span><\/div><\/div><\/article>\n<article id=\"blog-1-post-2508\" class=\"fusion-post-medium post-2508 post type-post status-publish format-standard hentry category-eventoteca-2\">\n<div class=\"fusion-post-content post-content\"><h2 class=\"blog-shortcode-post-title entry-title\"><a href=\"https:\/\/sedes.org.br\/Departamentos\/Psicanalise_da_crianca\/?p=2508\">DEBATE: Jornada de Casos Cl\u00ednicos<\/a><\/h2><\/div><div class=\"fusion-clearfix\"><\/div><div class=\"fusion-meta-info\"><div class=\"fusion-alignleft\"><span class=\"vcard\" style=\"display: none;\"><span class=\"fn\"><a href=\"https:\/\/sedes.org.br\/Departamentos\/Psicanalise_da_crianca\/?author=1\" title=\"Posts de psicrianca\" rel=\"author\">psicrianca<\/a><\/span><\/span><span class=\"updated\" style=\"display:none;\">2017-05-21T19:15:13-03:00<\/span><span>2 de maio de 2017<\/span><span class=\"fusion-inline-sep\">|<\/span><\/div><\/div><\/article>\n<article id=\"blog-1-post-2465\" class=\"fusion-post-medium post-2465 post type-post status-publish format-standard hentry category-eventoteca-2\">\n<div class=\"fusion-post-content post-content\"><h2 class=\"blog-shortcode-post-title entry-title\"><a href=\"https:\/\/sedes.org.br\/Departamentos\/Psicanalise_da_crianca\/?p=2465\">INTERLOCU\u00c7\u00d5ES: Era uma vez&#8230; Hist\u00f3rias e Contos na An\u00e1lise com Crian\u00e7as<\/a><\/h2><\/div><div class=\"fusion-clearfix\"><\/div><div class=\"fusion-meta-info\"><div class=\"fusion-alignleft\"><span class=\"vcard\" style=\"display: none;\"><span class=\"fn\"><a href=\"https:\/\/sedes.org.br\/Departamentos\/Psicanalise_da_crianca\/?author=1\" title=\"Posts de psicrianca\" rel=\"author\">psicrianca<\/a><\/span><\/span><span class=\"updated\" style=\"display:none;\">2017-07-09T21:15:53-03:00<\/span><span>11 de abril de 2017<\/span><span class=\"fusion-inline-sep\">|<\/span><\/div><\/div><\/article>\n<article id=\"blog-1-post-2456\" class=\"fusion-post-medium post-2456 post type-post status-publish format-standard hentry category-eventoteca-2\">\n<div class=\"fusion-post-content post-content\"><h2 class=\"blog-shortcode-post-title entry-title\"><a href=\"https:\/\/sedes.org.br\/Departamentos\/Psicanalise_da_crianca\/?p=2456\">DEBATE: A Escrita da Cl\u00ednica, com Daniele John<\/a><\/h2><\/div><div class=\"fusion-clearfix\"><\/div><div class=\"fusion-meta-info\"><div class=\"fusion-alignleft\"><span class=\"vcard\" style=\"display: none;\"><span class=\"fn\"><a href=\"https:\/\/sedes.org.br\/Departamentos\/Psicanalise_da_crianca\/?author=1\" title=\"Posts de psicrianca\" rel=\"author\">psicrianca<\/a><\/span><\/span><span class=\"updated\" style=\"display:none;\">2017-05-01T14:08:30-03:00<\/span><span>2 de abril de 2017<\/span><span class=\"fusion-inline-sep\">|<\/span><\/div><\/div><\/article>\n<article id=\"blog-1-post-2312\" class=\"fusion-post-medium post-2312 post type-post status-publish format-standard hentry category-eventoteca-2\">\n<div class=\"fusion-post-content post-content\"><h2 class=\"blog-shortcode-post-title entry-title\"><a href=\"https:\/\/sedes.org.br\/Departamentos\/Psicanalise_da_crianca\/?p=2312\">INTERLOCU\u00c7\u00d5ES: O Corpo Como Morada de Si<\/a><\/h2><\/div><div class=\"fusion-clearfix\"><\/div><div class=\"fusion-meta-info\"><div class=\"fusion-alignleft\"><span class=\"vcard\" style=\"display: none;\"><span class=\"fn\"><a href=\"https:\/\/sedes.org.br\/Departamentos\/Psicanalise_da_crianca\/?author=1\" title=\"Posts de psicrianca\" rel=\"author\">psicrianca<\/a><\/span><\/span><span class=\"updated\" style=\"display:none;\">2017-07-09T21:17:00-03:00<\/span><span>6 de outubro de 2016<\/span><span class=\"fusion-inline-sep\">|<\/span><\/div><\/div><\/article>\n<article id=\"blog-1-post-2251\" class=\"fusion-post-medium post-2251 post type-post status-publish format-standard hentry category-eventoteca-2\">\n<div class=\"fusion-post-content post-content\"><h2 class=\"blog-shortcode-post-title entry-title\"><a href=\"https:\/\/sedes.org.br\/Departamentos\/Psicanalise_da_crianca\/?p=2251\">INTERLOCU\u00c7\u00d5ES: Identidade, G\u00eanero e a Busca de Si Mesmo<\/a><\/h2><\/div><div class=\"fusion-clearfix\"><\/div><div class=\"fusion-meta-info\"><div class=\"fusion-alignleft\"><span class=\"vcard\" style=\"display: none;\"><span class=\"fn\"><a href=\"https:\/\/sedes.org.br\/Departamentos\/Psicanalise_da_crianca\/?author=1\" title=\"Posts de psicrianca\" rel=\"author\">psicrianca<\/a><\/span><\/span><span class=\"updated\" style=\"display:none;\">2017-07-09T21:17:49-03:00<\/span><span>21 de junho de 2016<\/span><span class=\"fusion-inline-sep\">|<\/span><\/div><\/div><\/article>\n<article id=\"blog-1-post-2242\" class=\"fusion-post-medium post-2242 post type-post status-publish format-standard hentry category-eventoteca-2\">\n<div class=\"fusion-post-content post-content\"><h2 class=\"blog-shortcode-post-title entry-title\"><a href=\"https:\/\/sedes.org.br\/Departamentos\/Psicanalise_da_crianca\/?p=2242\">DEBATE: XXII Encontro Cl\u00ednico com as Alunas Priscyla Mamy Okuyama e Marina da Silva Rodrigues<\/a><\/h2><\/div><div class=\"fusion-clearfix\"><\/div><div class=\"fusion-meta-info\"><div class=\"fusion-alignleft\"><span class=\"vcard\" style=\"display: none;\"><span class=\"fn\"><a href=\"https:\/\/sedes.org.br\/Departamentos\/Psicanalise_da_crianca\/?author=1\" title=\"Posts de psicrianca\" rel=\"author\">psicrianca<\/a><\/span><\/span><span class=\"updated\" style=\"display:none;\">2016-07-09T18:55:45-03:00<\/span><span>21 de junho de 2016<\/span><span class=\"fusion-inline-sep\">|<\/span><\/div><\/div><\/article>\n<article id=\"blog-1-post-2228\" class=\"fusion-post-medium post-2228 post type-post status-publish format-standard has-post-thumbnail hentry category-coloquio category-eventoteca-2 tag-coloquio\">\n<div class=\"fusion-post-content post-content\"><h2 class=\"blog-shortcode-post-title entry-title\"><a href=\"https:\/\/sedes.org.br\/Departamentos\/Psicanalise_da_crianca\/?p=2228\">IV Col\u00f3quio de Psican\u00e1lise com Crian\u00e7as<\/a><\/h2><\/div><div class=\"fusion-clearfix\"><\/div><div class=\"fusion-meta-info\"><div class=\"fusion-alignleft\"><span class=\"vcard\" style=\"display: none;\"><span class=\"fn\"><a href=\"https:\/\/sedes.org.br\/Departamentos\/Psicanalise_da_crianca\/?author=1\" title=\"Posts de psicrianca\" rel=\"author\">psicrianca<\/a><\/span><\/span><span class=\"updated\" style=\"display:none;\">2024-04-22T15:20:12-03:00<\/span><span>15 de maio de 2016<\/span><span class=\"fusion-inline-sep\">|<\/span><\/div><\/div><\/article>\n<article id=\"blog-1-post-2220\" class=\"fusion-post-medium post-2220 post type-post status-publish format-standard hentry category-eventoteca-2\">\n<div class=\"fusion-post-content post-content\"><h2 class=\"blog-shortcode-post-title entry-title\"><a href=\"https:\/\/sedes.org.br\/Departamentos\/Psicanalise_da_crianca\/?p=2220\">DEBATE: Diversificando La\u00e7os<\/a><\/h2><\/div><div class=\"fusion-clearfix\"><\/div><div class=\"fusion-meta-info\"><div class=\"fusion-alignleft\"><span class=\"vcard\" style=\"display: none;\"><span class=\"fn\"><a href=\"https:\/\/sedes.org.br\/Departamentos\/Psicanalise_da_crianca\/?author=1\" title=\"Posts de psicrianca\" rel=\"author\">psicrianca<\/a><\/span><\/span><span class=\"updated\" style=\"display:none;\">2016-06-21T13:30:14-03:00<\/span><span>10 de maio de 2016<\/span><span class=\"fusion-inline-sep\">|<\/span><\/div><\/div><\/article>\n<article id=\"blog-1-post-2210\" class=\"fusion-post-medium post-2210 post type-post status-publish format-standard hentry category-eventoteca-2\">\n<div class=\"fusion-post-content post-content\"><h2 class=\"blog-shortcode-post-title entry-title\"><a href=\"https:\/\/sedes.org.br\/Departamentos\/Psicanalise_da_crianca\/?p=2210\">DEBATE: Jornada de Casos Cl\u00ednicos<\/a><\/h2><\/div><div class=\"fusion-clearfix\"><\/div><div class=\"fusion-meta-info\"><div class=\"fusion-alignleft\"><span class=\"vcard\" style=\"display: none;\"><span class=\"fn\"><a href=\"https:\/\/sedes.org.br\/Departamentos\/Psicanalise_da_crianca\/?author=1\" title=\"Posts de psicrianca\" rel=\"author\">psicrianca<\/a><\/span><\/span><span class=\"updated\" style=\"display:none;\">2016-06-21T13:30:22-03:00<\/span><span>4 de maio de 2016<\/span><span class=\"fusion-inline-sep\">|<\/span><\/div><\/div><\/article>\n<article id=\"blog-1-post-2194\" class=\"fusion-post-medium post-2194 post type-post status-publish format-standard hentry category-eventoteca-2\">\n<div class=\"fusion-post-content post-content\"><h2 class=\"blog-shortcode-post-title entry-title\"><a href=\"https:\/\/sedes.org.br\/Departamentos\/Psicanalise_da_crianca\/?p=2194\">INTERLOCU\u00c7\u00d5ES: O Filho Diferente &#8211; Uma humanidade n\u00e3o reconhecida<\/a><\/h2><\/div><div class=\"fusion-clearfix\"><\/div><div class=\"fusion-meta-info\"><div class=\"fusion-alignleft\"><span class=\"vcard\" style=\"display: none;\"><span class=\"fn\"><a href=\"https:\/\/sedes.org.br\/Departamentos\/Psicanalise_da_crianca\/?author=1\" title=\"Posts de psicrianca\" rel=\"author\">psicrianca<\/a><\/span><\/span><span class=\"updated\" style=\"display:none;\">2017-07-09T21:19:41-03:00<\/span><span>18 de abril de 2016<\/span><span class=\"fusion-inline-sep\">|<\/span><\/div><\/div><\/article>\n<article id=\"blog-1-post-2059\" class=\"fusion-post-medium post-2059 post type-post status-publish format-standard hentry category-eventoteca-2\">\n<div class=\"fusion-post-content post-content\"><h2 class=\"blog-shortcode-post-title entry-title\"><a href=\"https:\/\/sedes.org.br\/Departamentos\/Psicanalise_da_crianca\/?p=2059\">VI Encontro de Cinema e Psican\u00e1lise com Crian\u00e7as<\/a><\/h2><\/div><div class=\"fusion-clearfix\"><\/div><div class=\"fusion-meta-info\"><div class=\"fusion-alignleft\"><span class=\"vcard\" style=\"display: none;\"><span class=\"fn\"><a href=\"https:\/\/sedes.org.br\/Departamentos\/Psicanalise_da_crianca\/?author=1\" title=\"Posts de psicrianca\" rel=\"author\">psicrianca<\/a><\/span><\/span><span class=\"updated\" style=\"display:none;\">2015-12-06T14:45:21-03:00<\/span><span>7 de novembro de 2015<\/span><span class=\"fusion-inline-sep\">|<\/span><\/div><\/div><\/article>\n<article id=\"blog-1-post-2046\" class=\"fusion-post-medium post-2046 post type-post status-publish format-standard hentry category-eventoteca-2\">\n<div class=\"fusion-post-content post-content\"><h2 class=\"blog-shortcode-post-title entry-title\"><a href=\"https:\/\/sedes.org.br\/Departamentos\/Psicanalise_da_crianca\/?p=2046\">INTERLOCU\u00c7\u00d5ES Transforma\u00e7\u00f5es na Fam\u00edlia Contempor\u00e2nea<\/a><\/h2><\/div><div class=\"fusion-clearfix\"><\/div><div class=\"fusion-meta-info\"><div class=\"fusion-alignleft\"><span class=\"vcard\" style=\"display: none;\"><span class=\"fn\"><a href=\"https:\/\/sedes.org.br\/Departamentos\/Psicanalise_da_crianca\/?author=1\" title=\"Posts de psicrianca\" rel=\"author\">psicrianca<\/a><\/span><\/span><span class=\"updated\" style=\"display:none;\">2017-07-09T21:20:27-03:00<\/span><span>24 de outubro de 2015<\/span><span class=\"fusion-inline-sep\">|<\/span><\/div><\/div><\/article>\n<article id=\"blog-1-post-2037\" class=\"fusion-post-medium post-2037 post type-post status-publish format-standard hentry category-eventoteca-2\">\n<div class=\"fusion-post-content post-content\"><h2 class=\"blog-shortcode-post-title entry-title\"><a href=\"https:\/\/sedes.org.br\/Departamentos\/Psicanalise_da_crianca\/?p=2037\">DEBATE: Encontro com Jeanne Magagna: Da Observa\u00e7\u00e3o \u00e0 Interven\u00e7\u00e3o na Rela\u00e7\u00e3o Pais-Beb\u00eas<\/a><\/h2><\/div><div class=\"fusion-clearfix\"><\/div><div class=\"fusion-meta-info\"><div class=\"fusion-alignleft\"><span class=\"vcard\" style=\"display: none;\"><span class=\"fn\"><a href=\"https:\/\/sedes.org.br\/Departamentos\/Psicanalise_da_crianca\/?author=1\" title=\"Posts de psicrianca\" rel=\"author\">psicrianca<\/a><\/span><\/span><span class=\"updated\" style=\"display:none;\">2015-10-24T20:16:39-03:00<\/span><span>27 de setembro de 2015<\/span><span class=\"fusion-inline-sep\">|<\/span><\/div><\/div><\/article>\n<article id=\"blog-1-post-2021\" class=\"fusion-post-medium post-2021 post type-post status-publish format-standard hentry category-eventoteca-2\">\n<div class=\"fusion-post-content post-content\"><h2 class=\"blog-shortcode-post-title entry-title\"><a href=\"https:\/\/sedes.org.br\/Departamentos\/Psicanalise_da_crianca\/?p=2021\">DEBATE: XXI Encontro Cl\u00ednico &#8211; A Medicaliza\u00e7\u00e3o da Inf\u00e2ncia<\/a><\/h2><\/div><div class=\"fusion-clearfix\"><\/div><div class=\"fusion-meta-info\"><div class=\"fusion-alignleft\"><span class=\"vcard\" style=\"display: none;\"><span class=\"fn\"><a href=\"https:\/\/sedes.org.br\/Departamentos\/Psicanalise_da_crianca\/?author=1\" title=\"Posts de psicrianca\" rel=\"author\">psicrianca<\/a><\/span><\/span><span class=\"updated\" style=\"display:none;\">2015-10-24T20:16:48-03:00<\/span><span>13 de setembro de 2015<\/span><span class=\"fusion-inline-sep\">|<\/span><\/div><\/div><\/article>\n<article id=\"blog-1-post-1999\" class=\"fusion-post-medium post-1999 post type-post status-publish format-standard hentry category-eventoteca-2\">\n<div class=\"fusion-post-content post-content\"><h2 class=\"blog-shortcode-post-title entry-title\"><a href=\"https:\/\/sedes.org.br\/Departamentos\/Psicanalise_da_crianca\/?p=1999\">INTERLOCU\u00c7\u00d5ES: Hist\u00f3rias e Narrativas que Constituem a Parentalidade na Contemporaneidade<\/a><\/h2><\/div><div class=\"fusion-clearfix\"><\/div><div class=\"fusion-meta-info\"><div class=\"fusion-alignleft\"><span class=\"vcard\" style=\"display: none;\"><span class=\"fn\"><a href=\"https:\/\/sedes.org.br\/Departamentos\/Psicanalise_da_crianca\/?author=1\" title=\"Posts de psicrianca\" rel=\"author\">psicrianca<\/a><\/span><\/span><span class=\"updated\" style=\"display:none;\">2017-07-09T21:21:49-03:00<\/span><span>5 de agosto de 2015<\/span><span class=\"fusion-inline-sep\">|<\/span><\/div><\/div><\/article>\n<article id=\"blog-1-post-1977\" class=\"fusion-post-medium post-1977 post type-post status-publish format-standard hentry category-eventoteca-2\">\n<div class=\"fusion-post-content post-content\"><h2 class=\"blog-shortcode-post-title entry-title\"><a href=\"https:\/\/sedes.org.br\/Departamentos\/Psicanalise_da_crianca\/?p=1977\">DEBATE: Jornada de Casos Cl\u00ednicos<\/a><\/h2><\/div><div class=\"fusion-clearfix\"><\/div><div class=\"fusion-meta-info\"><div class=\"fusion-alignleft\"><span class=\"vcard\" style=\"display: none;\"><span class=\"fn\"><a href=\"https:\/\/sedes.org.br\/Departamentos\/Psicanalise_da_crianca\/?author=1\" title=\"Posts de psicrianca\" rel=\"author\">psicrianca<\/a><\/span><\/span><span class=\"updated\" style=\"display:none;\">2015-09-27T15:04:32-03:00<\/span><span>24 de julho de 2015<\/span><span class=\"fusion-inline-sep\">|<\/span><\/div><\/div><\/article>\n<article id=\"blog-1-post-1942\" class=\"fusion-post-medium post-1942 post type-post status-publish format-standard hentry category-eventoteca-2\">\n<div class=\"fusion-post-content post-content\"><h2 class=\"blog-shortcode-post-title entry-title\"><a href=\"https:\/\/sedes.org.br\/Departamentos\/Psicanalise_da_crianca\/?p=1942\">DEBATE: Conversando com os pais de crian\u00e7as com autismo &#8211; na cl\u00ednica, na gest\u00e3o e na pol\u00edtica<\/a><\/h2><\/div><div class=\"fusion-clearfix\"><\/div><div class=\"fusion-meta-info\"><div class=\"fusion-alignleft\"><span class=\"vcard\" style=\"display: none;\"><span class=\"fn\"><a href=\"https:\/\/sedes.org.br\/Departamentos\/Psicanalise_da_crianca\/?author=1\" title=\"Posts de psicrianca\" rel=\"author\">psicrianca<\/a><\/span><\/span><span class=\"updated\" style=\"display:none;\">2015-08-10T21:44:04-03:00<\/span><span>21 de junho de 2015<\/span><span class=\"fusion-inline-sep\">|<\/span><\/div><\/div><\/article>\n<article id=\"blog-1-post-1928\" class=\"fusion-post-medium post-1928 post type-post status-publish format-standard hentry category-eventoteca-2\">\n<div class=\"fusion-post-content post-content\"><h2 class=\"blog-shortcode-post-title entry-title\"><a href=\"https:\/\/sedes.org.br\/Departamentos\/Psicanalise_da_crianca\/?p=1928\">INTERLOCU\u00c7\u00d5ES: Um Beb\u00ea A Qualquer Pre\u00e7o<\/a><\/h2><\/div><div class=\"fusion-clearfix\"><\/div><div class=\"fusion-meta-info\"><div class=\"fusion-alignleft\"><span class=\"vcard\" style=\"display: none;\"><span class=\"fn\"><a href=\"https:\/\/sedes.org.br\/Departamentos\/Psicanalise_da_crianca\/?author=1\" title=\"Posts de psicrianca\" rel=\"author\">psicrianca<\/a><\/span><\/span><span class=\"updated\" style=\"display:none;\">2017-07-09T21:23:11-03:00<\/span><span>8 de junho de 2015<\/span><span class=\"fusion-inline-sep\">|<\/span><\/div><\/div><\/article>\n<article id=\"blog-1-post-1903\" class=\"fusion-post-medium post-1903 post type-post status-publish format-standard hentry category-eventoteca-2\">\n<div class=\"fusion-post-content post-content\"><h2 class=\"blog-shortcode-post-title entry-title\"><a href=\"https:\/\/sedes.org.br\/Departamentos\/Psicanalise_da_crianca\/?p=1903\">DEBATE: XX Encontro Cl\u00ednico com Dra. Florencia B. Fuks<\/a><\/h2><\/div><div class=\"fusion-clearfix\"><\/div><div class=\"fusion-meta-info\"><div class=\"fusion-alignleft\"><span class=\"vcard\" style=\"display: none;\"><span class=\"fn\"><a href=\"https:\/\/sedes.org.br\/Departamentos\/Psicanalise_da_crianca\/?author=1\" title=\"Posts de psicrianca\" rel=\"author\">psicrianca<\/a><\/span><\/span><span class=\"updated\" style=\"display:none;\">2015-07-24T22:09:15-03:00<\/span><span>10 de maio de 2015<\/span><span class=\"fusion-inline-sep\">|<\/span><\/div><\/div><\/article>\n<article id=\"blog-1-post-1888\" class=\"fusion-post-medium post-1888 post type-post status-publish format-standard hentry category-eventoteca-2\">\n<div class=\"fusion-post-content post-content\"><h2 class=\"blog-shortcode-post-title entry-title\"><a href=\"https:\/\/sedes.org.br\/Departamentos\/Psicanalise_da_crianca\/?p=1888\">INTERLOCU\u00c7\u00d5ES: A Menina, os Afetos e o Tempo<\/a><\/h2><\/div><div class=\"fusion-clearfix\"><\/div><div class=\"fusion-meta-info\"><div class=\"fusion-alignleft\"><span class=\"vcard\" style=\"display: none;\"><span class=\"fn\"><a href=\"https:\/\/sedes.org.br\/Departamentos\/Psicanalise_da_crianca\/?author=1\" title=\"Posts de psicrianca\" rel=\"author\">psicrianca<\/a><\/span><\/span><span class=\"updated\" style=\"display:none;\">2017-07-09T21:25:39-03:00<\/span><span>6 de abril de 2015<\/span><span class=\"fusion-inline-sep\">|<\/span><\/div><\/div><\/article>\n<article id=\"blog-1-post-1868\" class=\"fusion-post-medium post-1868 post type-post status-publish format-standard hentry category-eventoteca-2\">\n<div class=\"fusion-post-content post-content\"><h2 class=\"blog-shortcode-post-title entry-title\"><a href=\"https:\/\/sedes.org.br\/Departamentos\/Psicanalise_da_crianca\/?p=1868\">DEBATE: NA CL\u00cdNICA DO IN-FANTIL com Victor Guerra e Convidados<\/a><\/h2><\/div><div class=\"fusion-clearfix\"><\/div><div class=\"fusion-meta-info\"><div class=\"fusion-alignleft\"><span class=\"vcard\" style=\"display: none;\"><span class=\"fn\"><a href=\"https:\/\/sedes.org.br\/Departamentos\/Psicanalise_da_crianca\/?author=1\" title=\"Posts de psicrianca\" rel=\"author\">psicrianca<\/a><\/span><\/span><span class=\"updated\" style=\"display:none;\">2017-05-01T14:06:21-03:00<\/span><span>6 de abril de 2015<\/span><span class=\"fusion-inline-sep\">|<\/span><\/div><\/div><\/article>\n<article id=\"blog-1-post-1710\" class=\"fusion-post-medium post-1710 post type-post status-publish format-standard hentry category-eventoteca-2\">\n<div class=\"fusion-post-content post-content\"><h2 class=\"blog-shortcode-post-title entry-title\"><a href=\"https:\/\/sedes.org.br\/Departamentos\/Psicanalise_da_crianca\/?p=1710\">DEBATE: Encontro cl\u00ednico com a aluna Alba Lucia R. Campos<\/a><\/h2><\/div><div class=\"fusion-clearfix\"><\/div><div class=\"fusion-meta-info\"><div class=\"fusion-alignleft\"><span class=\"vcard\" style=\"display: none;\"><span class=\"fn\"><a href=\"https:\/\/sedes.org.br\/Departamentos\/Psicanalise_da_crianca\/?author=1\" title=\"Posts de psicrianca\" rel=\"author\">psicrianca<\/a><\/span><\/span><span class=\"updated\" style=\"display:none;\">2015-04-06T21:05:47-03:00<\/span><span>24 de outubro de 2014<\/span><span class=\"fusion-inline-sep\">|<\/span><\/div><\/div><\/article>\n<article id=\"blog-1-post-1682\" class=\"fusion-post-medium post-1682 post type-post status-publish format-standard hentry category-eventoteca-2\">\n<div class=\"fusion-post-content post-content\"><h2 class=\"blog-shortcode-post-title entry-title\"><a href=\"https:\/\/sedes.org.br\/Departamentos\/Psicanalise_da_crianca\/?p=1682\">INTERLOCU\u00c7\u00d5ES A import\u00e2ncia do &#8220;placement&#8221;<\/a><\/h2><\/div><div class=\"fusion-clearfix\"><\/div><div class=\"fusion-meta-info\"><div class=\"fusion-alignleft\"><span class=\"vcard\" style=\"display: none;\"><span class=\"fn\"><a href=\"https:\/\/sedes.org.br\/Departamentos\/Psicanalise_da_crianca\/?author=1\" title=\"Posts de psicrianca\" rel=\"author\">psicrianca<\/a><\/span><\/span><span class=\"updated\" style=\"display:none;\">2017-07-09T21:27:29-03:00<\/span><span>17 de setembro de 2014<\/span><span class=\"fusion-inline-sep\">|<\/span><\/div><\/div><\/article>\n<article id=\"blog-1-post-1654\" class=\"fusion-post-medium post-1654 post type-post status-publish format-standard has-post-thumbnail hentry category-coloquio category-eventoteca-2 tag-coloquio\">\n<div class=\"fusion-post-content post-content\"><h2 class=\"blog-shortcode-post-title entry-title\"><a href=\"https:\/\/sedes.org.br\/Departamentos\/Psicanalise_da_crianca\/?p=1654\">III Col\u00f3quio de Psican\u00e1lise com Crian\u00e7as<\/a><\/h2><\/div><div class=\"fusion-clearfix\"><\/div><div class=\"fusion-meta-info\"><div class=\"fusion-alignleft\"><span class=\"vcard\" style=\"display: none;\"><span class=\"fn\"><a href=\"https:\/\/sedes.org.br\/Departamentos\/Psicanalise_da_crianca\/?author=1\" title=\"Posts de psicrianca\" rel=\"author\">psicrianca<\/a><\/span><\/span><span class=\"updated\" style=\"display:none;\">2024-04-22T15:20:12-03:00<\/span><span>19 de agosto de 2014<\/span><span class=\"fusion-inline-sep\">|<\/span><\/div><\/div><\/article>\n<article id=\"blog-1-post-1620\" class=\"fusion-post-medium post-1620 post type-post status-publish format-standard hentry category-eventoteca-2\">\n<div class=\"fusion-post-content post-content\"><h2 class=\"blog-shortcode-post-title entry-title\"><a href=\"https:\/\/sedes.org.br\/Departamentos\/Psicanalise_da_crianca\/?p=1620\">INTERLOCU\u00c7\u00d5ES: As origens da pervers\u00e3o: uma vis\u00e3o winnicottiana<\/a><\/h2><\/div><div class=\"fusion-clearfix\"><\/div><div class=\"fusion-meta-info\"><div class=\"fusion-alignleft\"><span class=\"vcard\" style=\"display: none;\"><span class=\"fn\"><a href=\"https:\/\/sedes.org.br\/Departamentos\/Psicanalise_da_crianca\/?author=1\" title=\"Posts de psicrianca\" rel=\"author\">psicrianca<\/a><\/span><\/span><span class=\"updated\" style=\"display:none;\">2017-07-09T21:28:18-03:00<\/span><span>13 de agosto de 2014<\/span><span class=\"fusion-inline-sep\">|<\/span><\/div><\/div><\/article>\n<article id=\"blog-1-post-1614\" class=\"fusion-post-medium post-1614 post type-post status-publish format-standard hentry category-eventoteca-2\">\n<div class=\"fusion-post-content post-content\"><h2 class=\"blog-shortcode-post-title entry-title\"><a href=\"https:\/\/sedes.org.br\/Departamentos\/Psicanalise_da_crianca\/?p=1614\">DEBATE: Semin\u00e1rio Cl\u00ednico Winnicott<\/a><\/h2><\/div><div class=\"fusion-clearfix\"><\/div><div class=\"fusion-meta-info\"><div class=\"fusion-alignleft\"><span class=\"vcard\" style=\"display: none;\"><span class=\"fn\"><a href=\"https:\/\/sedes.org.br\/Departamentos\/Psicanalise_da_crianca\/?author=1\" title=\"Posts de psicrianca\" rel=\"author\">psicrianca<\/a><\/span><\/span><span class=\"updated\" style=\"display:none;\">2014-09-17T10:19:20-03:00<\/span><span>4 de agosto de 2014<\/span><span class=\"fusion-inline-sep\">|<\/span><\/div><\/div><\/article>\n<article id=\"blog-1-post-1556\" class=\"fusion-post-medium post-1556 post type-post status-publish format-standard hentry category-eventoteca-2\">\n<div class=\"fusion-post-content post-content\"><h2 class=\"blog-shortcode-post-title entry-title\"><a href=\"https:\/\/sedes.org.br\/Departamentos\/Psicanalise_da_crianca\/?p=1556\">ENCONTRO CL\u00cdNICO COM: Maria do Carmo Vidigal Meyer Dittmar (Lila)<\/a><\/h2><\/div><div class=\"fusion-clearfix\"><\/div><div class=\"fusion-meta-info\"><div class=\"fusion-alignleft\"><span class=\"vcard\" style=\"display: none;\"><span class=\"fn\"><a href=\"https:\/\/sedes.org.br\/Departamentos\/Psicanalise_da_crianca\/?author=1\" title=\"Posts de psicrianca\" rel=\"author\">psicrianca<\/a><\/span><\/span><span class=\"updated\" style=\"display:none;\">2014-08-13T22:22:57-03:00<\/span><span>17 de junho de 2014<\/span><span class=\"fusion-inline-sep\">|<\/span><\/div><\/div><\/article>\n<article id=\"blog-1-post-1546\" class=\"fusion-post-medium post-1546 post type-post status-publish format-standard hentry category-eventoteca-2\">\n<div class=\"fusion-post-content post-content\"><h2 class=\"blog-shortcode-post-title entry-title\"><a href=\"https:\/\/sedes.org.br\/Departamentos\/Psicanalise_da_crianca\/?p=1546\">INTERLOCU\u00c7\u00d5ES: Traumas assimil\u00e1veis e inassimil\u00e1veis a partir de Freud, Ferenczi e Winnicott<\/a><\/h2><\/div><div class=\"fusion-clearfix\"><\/div><div class=\"fusion-meta-info\"><div class=\"fusion-alignleft\"><span class=\"vcard\" style=\"display: none;\"><span class=\"fn\"><a href=\"https:\/\/sedes.org.br\/Departamentos\/Psicanalise_da_crianca\/?author=1\" title=\"Posts de psicrianca\" rel=\"author\">psicrianca<\/a><\/span><\/span><span class=\"updated\" style=\"display:none;\">2017-07-09T21:29:29-03:00<\/span><span>17 de junho de 2014<\/span><span class=\"fusion-inline-sep\">|<\/span><\/div><\/div><\/article>\n<article id=\"blog-1-post-1515\" class=\"fusion-post-medium post-1515 post type-post status-publish format-standard hentry category-eventoteca-2\">\n<div class=\"fusion-post-content post-content\"><h2 class=\"blog-shortcode-post-title entry-title\"><a href=\"https:\/\/sedes.org.br\/Departamentos\/Psicanalise_da_crianca\/?p=1515\">DEBATE: Pr\u00e9-encontro S\u00e3o Paulo &#8211; Abuso Sexual e Priva\u00e7\u00e3o Ambiental<\/a><\/h2><\/div><div class=\"fusion-clearfix\"><\/div><div class=\"fusion-meta-info\"><div class=\"fusion-alignleft\"><span class=\"vcard\" style=\"display: none;\"><span class=\"fn\"><a href=\"https:\/\/sedes.org.br\/Departamentos\/Psicanalise_da_crianca\/?author=1\" title=\"Posts de psicrianca\" rel=\"author\">psicrianca<\/a><\/span><\/span><span class=\"updated\" style=\"display:none;\">2014-08-13T22:23:16-03:00<\/span><span>13 de maio de 2014<\/span><span class=\"fusion-inline-sep\">|<\/span><\/div><\/div><\/article>\n<article id=\"blog-1-post-1479\" class=\"fusion-post-medium post-1479 post type-post status-publish format-standard hentry category-eventoteca-2\">\n<div class=\"fusion-post-content post-content\"><h2 class=\"blog-shortcode-post-title entry-title\"><a href=\"https:\/\/sedes.org.br\/Departamentos\/Psicanalise_da_crianca\/?p=1479\">INTERLOCU\u00c7\u00d5ES: Winnicott e a an\u00e1lise sob demanda: aspectos da transfer\u00eancia \u00e0 luz do caso Piggle<\/a><\/h2><\/div><div class=\"fusion-clearfix\"><\/div><div class=\"fusion-meta-info\"><div class=\"fusion-alignleft\"><span class=\"vcard\" style=\"display: none;\"><span class=\"fn\"><a href=\"https:\/\/sedes.org.br\/Departamentos\/Psicanalise_da_crianca\/?author=1\" title=\"Posts de psicrianca\" rel=\"author\">psicrianca<\/a><\/span><\/span><span class=\"updated\" style=\"display:none;\">2017-07-09T21:30:48-03:00<\/span><span>19 de abril de 2014<\/span><span class=\"fusion-inline-sep\">|<\/span><\/div><\/div><\/article>\n<article id=\"blog-1-post-1348\" class=\"fusion-post-medium post-1348 post type-post status-publish format-standard hentry category-eventoteca-2\">\n<div class=\"fusion-post-content post-content\"><h2 class=\"blog-shortcode-post-title entry-title\"><a href=\"https:\/\/sedes.org.br\/Departamentos\/Psicanalise_da_crianca\/?p=1348\">DEBATE: Encontro cl\u00ednico com Fernanda Arantes<\/a><\/h2><\/div><div class=\"fusion-clearfix\"><\/div><div class=\"fusion-meta-info\"><div class=\"fusion-alignleft\"><span class=\"vcard\" style=\"display: none;\"><span class=\"fn\"><a href=\"https:\/\/sedes.org.br\/Departamentos\/Psicanalise_da_crianca\/?author=1\" title=\"Posts de psicrianca\" rel=\"author\">psicrianca<\/a><\/span><\/span><span class=\"updated\" style=\"display:none;\">2014-08-13T22:23:35-03:00<\/span><span>3 de novembro de 2013<\/span><span class=\"fusion-inline-sep\">|<\/span><\/div><\/div><\/article>\n<article id=\"blog-1-post-1278\" class=\"fusion-post-medium post-1278 post type-post status-publish format-standard hentry category-eventoteca-2\">\n<div class=\"fusion-post-content post-content\"><h2 class=\"blog-shortcode-post-title entry-title\"><a href=\"https:\/\/sedes.org.br\/Departamentos\/Psicanalise_da_crianca\/?p=1278\">INTERLOCU\u00c7\u00d5ES: Pacientes fronteiri\u00e7os: onde come\u00e7a a fronteira?<\/a><\/h2><\/div><div class=\"fusion-clearfix\"><\/div><div class=\"fusion-meta-info\"><div class=\"fusion-alignleft\"><span class=\"vcard\" style=\"display: none;\"><span class=\"fn\"><a href=\"https:\/\/sedes.org.br\/Departamentos\/Psicanalise_da_crianca\/?author=1\" title=\"Posts de psicrianca\" rel=\"author\">psicrianca<\/a><\/span><\/span><span class=\"updated\" style=\"display:none;\">2017-07-09T21:31:48-03:00<\/span><span>26 de agosto de 2013<\/span><span class=\"fusion-inline-sep\">|<\/span><\/div><\/div><\/article>\n<article id=\"blog-1-post-1258\" class=\"fusion-post-medium post-1258 post type-post status-publish format-standard hentry category-eventoteca-2\">\n<div class=\"fusion-post-content post-content\"><h2 class=\"blog-shortcode-post-title entry-title\"><a href=\"https:\/\/sedes.org.br\/Departamentos\/Psicanalise_da_crianca\/?p=1258\">DEBATE: A crian\u00e7a com autismo na cl\u00ednica psicanal\u00edtica<\/a><\/h2><\/div><div class=\"fusion-clearfix\"><\/div><div class=\"fusion-meta-info\"><div class=\"fusion-alignleft\"><span class=\"vcard\" style=\"display: none;\"><span class=\"fn\"><a href=\"https:\/\/sedes.org.br\/Departamentos\/Psicanalise_da_crianca\/?author=1\" title=\"Posts de psicrianca\" rel=\"author\">psicrianca<\/a><\/span><\/span><span class=\"updated\" style=\"display:none;\">2014-08-13T22:23:52-03:00<\/span><span>13 de agosto de 2013<\/span><span class=\"fusion-inline-sep\">|<\/span><\/div><\/div><\/article>\n<article id=\"blog-1-post-1208\" class=\"fusion-post-medium post-1208 post type-post status-publish format-standard hentry category-eventoteca-2\">\n<div class=\"fusion-post-content post-content\"><h2 class=\"blog-shortcode-post-title entry-title\"><a href=\"https:\/\/sedes.org.br\/Departamentos\/Psicanalise_da_crianca\/?p=1208\">INTERLOCU\u00c7\u00d5ES: Desafios Cl\u00ednicos do Austimo: Novas Constru\u00e7\u00f5es em Psican\u00e1lise<\/a><\/h2><\/div><div class=\"fusion-clearfix\"><\/div><div class=\"fusion-meta-info\"><div class=\"fusion-alignleft\"><span class=\"vcard\" style=\"display: none;\"><span class=\"fn\"><a href=\"https:\/\/sedes.org.br\/Departamentos\/Psicanalise_da_crianca\/?author=1\" title=\"Posts de psicrianca\" rel=\"author\">psicrianca<\/a><\/span><\/span><span class=\"updated\" style=\"display:none;\">2017-07-09T21:32:55-03:00<\/span><span>20 de julho de 2013<\/span><span class=\"fusion-inline-sep\">|<\/span><\/div><\/div><\/article>\n<article id=\"blog-1-post-1103\" class=\"fusion-post-medium post-1103 post type-post status-publish format-standard hentry category-eventoteca-2\">\n<div class=\"fusion-post-content post-content\"><h2 class=\"blog-shortcode-post-title entry-title\"><a href=\"https:\/\/sedes.org.br\/Departamentos\/Psicanalise_da_crianca\/?p=1103\">DEBATE: Encontro cl\u00ednico com Wagner Ranna<\/a><\/h2><\/div><div class=\"fusion-clearfix\"><\/div><div class=\"fusion-meta-info\"><div class=\"fusion-alignleft\"><span class=\"vcard\" style=\"display: none;\"><span class=\"fn\"><a href=\"https:\/\/sedes.org.br\/Departamentos\/Psicanalise_da_crianca\/?author=1\" title=\"Posts de psicrianca\" rel=\"author\">psicrianca<\/a><\/span><\/span><span class=\"updated\" style=\"display:none;\">2013-08-13T13:18:07-03:00<\/span><span>19 de abril de 2013<\/span><span class=\"fusion-inline-sep\">|<\/span><\/div><\/div><\/article>\n<article id=\"blog-1-post-1095\" class=\"fusion-post-medium post-1095 post type-post status-publish format-standard hentry category-eventoteca-2\">\n<div class=\"fusion-post-content post-content\"><h2 class=\"blog-shortcode-post-title entry-title\"><a href=\"https:\/\/sedes.org.br\/Departamentos\/Psicanalise_da_crianca\/?p=1095\">INTERLOCU\u00c7\u00d5ES: Beb\u00eas: o come\u00e7ar humano<\/a><\/h2><\/div><div class=\"fusion-clearfix\"><\/div><div class=\"fusion-meta-info\"><div class=\"fusion-alignleft\"><span class=\"vcard\" style=\"display: none;\"><span class=\"fn\"><a href=\"https:\/\/sedes.org.br\/Departamentos\/Psicanalise_da_crianca\/?author=1\" title=\"Posts de psicrianca\" rel=\"author\">psicrianca<\/a><\/span><\/span><span class=\"updated\" style=\"display:none;\">2017-07-09T21:33:52-03:00<\/span><span>19 de abril de 2013<\/span><span class=\"fusion-inline-sep\">|<\/span><\/div><\/div><\/article>\n<article id=\"blog-1-post-281\" class=\"fusion-post-medium post-281 post type-post status-publish format-standard has-post-thumbnail hentry category-coloquio category-eventoteca-2 tag-coloquio\">\n<div class=\"fusion-post-content post-content\"><h2 class=\"blog-shortcode-post-title entry-title\"><a href=\"https:\/\/sedes.org.br\/Departamentos\/Psicanalise_da_crianca\/?p=281\">COL\u00d3QUIO: II Col\u00f3quio de Psican\u00e1lise com Crian\u00e7as<\/a><\/h2><\/div><div class=\"fusion-clearfix\"><\/div><div class=\"fusion-meta-info\"><div class=\"fusion-alignleft\"><span class=\"vcard\" style=\"display: none;\"><span class=\"fn\"><a href=\"https:\/\/sedes.org.br\/Departamentos\/Psicanalise_da_crianca\/?author=1\" title=\"Posts de psicrianca\" rel=\"author\">psicrianca<\/a><\/span><\/span><span class=\"updated\" style=\"display:none;\">2024-04-22T15:20:12-03:00<\/span><span>2 de setembro de 2012<\/span><span class=\"fusion-inline-sep\">|<\/span><\/div><\/div><\/article>\n<article id=\"blog-1-post-277\" class=\"fusion-post-medium post-277 post type-post status-publish format-standard has-post-thumbnail hentry category-coloquio category-eventoteca-2 tag-coloquio\">\n<div class=\"fusion-post-content post-content\"><h2 class=\"blog-shortcode-post-title entry-title\"><a href=\"https:\/\/sedes.org.br\/Departamentos\/Psicanalise_da_crianca\/?p=277\">COL\u00d3QUIO: I Col\u00f3quio 100 Anos de Psican\u00e1lise com Crian\u00e7as<\/a><\/h2><\/div><div class=\"fusion-clearfix\"><\/div><div class=\"fusion-meta-info\"><div class=\"fusion-alignleft\"><span class=\"vcard\" style=\"display: none;\"><span class=\"fn\"><a href=\"https:\/\/sedes.org.br\/Departamentos\/Psicanalise_da_crianca\/?author=1\" title=\"Posts de psicrianca\" rel=\"author\">psicrianca<\/a><\/span><\/span><span class=\"updated\" style=\"display:none;\">2024-04-22T15:20:13-03:00<\/span><span>2 de setembro de 2012<\/span><span class=\"fusion-inline-sep\">|<\/span><\/div><\/div><\/article>\n<\/div><\/div><\/div><style type=\"text\/css\">.fusion-body .fusion-builder-column-4{width:100% !important;margin-top : 0px;margin-bottom : 0px;}.fusion-builder-column-4 > .fusion-column-wrapper {padding-top : 0px !important;padding-right : 0px !important;margin-right : 2.375%;padding-bottom : 0px !important;padding-left : 0px !important;margin-left : 2.375%;}@media only screen and (max-width:1177px) {.fusion-body .fusion-builder-column-4{width:100% !important;}.fusion-builder-column-4 > .fusion-column-wrapper {margin-right : 2.375%;margin-left : 2.375%;}}@media only screen and (max-width:700px) {.fusion-body .fusion-builder-column-4{width:100% !important;}.fusion-builder-column-4 > .fusion-column-wrapper {margin-right : 2.375%;margin-left : 2.375%;}}<\/style><\/div><\/div><style type=\"text\/css\">.fusion-body .fusion-flex-container.fusion-builder-row-1{ padding-top : 1vw;margin-top : 0px;padding-right : 0px;padding-bottom : 0px;margin-bottom : 0px;padding-left : 0px;}<\/style><\/div>\n","protected":false},"excerpt":{"rendered":"","protected":false},"author":1,"featured_media":1640,"parent":0,"menu_order":0,"comment_status":"closed","ping_status":"closed","template":"100-width.php","meta":{"content-type":""},"_links":{"self":[{"href":"https:\/\/sedes.org.br\/Departamentos\/Psicanalise_da_crianca\/index.php?rest_route=\/wp\/v2\/pages\/3269"}],"collection":[{"href":"https:\/\/sedes.org.br\/Departamentos\/Psicanalise_da_crianca\/index.php?rest_route=\/wp\/v2\/pages"}],"about":[{"href":"https:\/\/sedes.org.br\/Departamentos\/Psicanalise_da_crianca\/index.php?rest_route=\/wp\/v2\/types\/page"}],"author":[{"embeddable":true,"href":"https:\/\/sedes.org.br\/Departamentos\/Psicanalise_da_crianca\/index.php?rest_route=\/wp\/v2\/users\/1"}],"replies":[{"embeddable":true,"href":"https:\/\/sedes.org.br\/Departamentos\/Psicanalise_da_crianca\/index.php?rest_route=%2Fwp%2Fv2%2Fcomments&post=3269"}],"version-history":[{"count":13,"href":"https:\/\/sedes.org.br\/Departamentos\/Psicanalise_da_crianca\/index.php?rest_route=\/wp\/v2\/pages\/3269\/revisions"}],"predecessor-version":[{"id":6107,"href":"https:\/\/sedes.org.br\/Departamentos\/Psicanalise_da_crianca\/index.php?rest_route=\/wp\/v2\/pages\/3269\/revisions\/6107"}],"wp:featuredmedia":[{"embeddable":true,"href":"https:\/\/sedes.org.br\/Departamentos\/Psicanalise_da_crianca\/index.php?rest_route=\/wp\/v2\/media\/1640"}],"wp:attachment":[{"href":"https:\/\/sedes.org.br\/Departamentos\/Psicanalise_da_crianca\/index.php?rest_route=%2Fwp%2Fv2%2Fmedia&parent=3269"}],"curies":[{"name":"wp","href":"https:\/\/api.w.org\/{rel}","templated":true}]}}