{"id":5,"date":"2020-09-18T15:48:10","date_gmt":"2020-09-18T18:48:10","guid":{"rendered":"https:\/\/sedes.org.br\/Departamentos\/Psicanalise_da_crianca\/?page_id=5"},"modified":"2025-11-26T17:15:42","modified_gmt":"2025-11-26T20:15:42","slug":"home-sedes-departamento-de-psicanalise-com-criancas","status":"publish","type":"page","link":"https:\/\/sedes.org.br\/Departamentos\/Psicanalise_da_crianca\/","title":{"rendered":"SEDES \u2013 Departamento de Psican\u00e1lise com Crian\u00e7as"},"content":{"rendered":"<p><div class=\"fusion-fullwidth fullwidth-box fusion-builder-row-1 fusion-flex-container has-pattern-background has-mask-background fusion-parallax-none nonhundred-percent-fullwidth non-hundred-percent-height-scrolling lazyload\" style=\"background-color: var(--awb-color2);background-position: center center;background-repeat: no-repeat;border-width: 0px 0px 0px 0px;border-color:var(--awb-color4);border-style:solid;-webkit-background-size:cover;-moz-background-size:cover;-o-background-size:cover;background-size:cover;\" data-bg=\"https:\/\/sedes.org.br\/Departamentos\/Psicanalise_da_crianca\/wp-content\/uploads\/2024\/04\/line-5.svg\" ><div class=\"fusion-builder-row fusion-row fusion-flex-align-items-flex-start\" style=\"max-width:1365px;margin-left: calc(-5% \/ 2 );margin-right: calc(-5% \/ 2 );\"><div class=\"fusion-layout-column fusion_builder_column fusion-builder-column-0 fusion_builder_column_3_4 3_4 fusion-flex-column\"><div class=\"fusion-column-wrapper fusion-flex-justify-content-flex-start fusion-content-layout-column\" style=\"background-position:left top;background-repeat:no-repeat;-webkit-background-size:cover;-moz-background-size:cover;-o-background-size:cover;background-size:cover;padding: 0px 0px 0px 0px;\"><div class=\"fusion-builder-row fusion-builder-row-inner fusion-row fusion-flex-align-items-flex-start\" style=\"width:105% !important;max-width:105% !important;margin-left: calc(-5% \/ 2 );margin-right: calc(-5% \/ 2 );\"><div class=\"fusion-layout-column fusion_builder_column_inner fusion-builder-nested-column-0 fusion_builder_column_inner_1_1 1_1 fusion-flex-column\"><div class=\"fusion-column-wrapper fusion-flex-justify-content-flex-start fusion-content-layout-column\" style=\"background-position:left top;background-repeat:no-repeat;-webkit-background-size:cover;-moz-background-size:cover;-o-background-size:cover;background-size:cover;padding: 0px 0px 0px 0px;\"><div class=\"fusion-slider-sc\"><div class=\"fusion-flexslider-loading flexslider flexslider-hover-type-none\" data-slideshow_autoplay=\"1\" data-slideshow_smooth_height=\"0\" data-slideshow_speed=\"7000\" style=\"max-width:100%;height:100%;\"><ul class=\"slides\"><li class=\"image\"><a title=\"Banner_site\" data-title=\"Banner_site\" aria-label=\"Banner_site\" href=\"https:\/\/sedes.org.br\/site\/cursos-sedes\/codigo-138\/\" target=\"_self\"><span class=\"lazyload fusion-image-hover-element hover-type-none\"><img fetchpriority=\"high\" src=\"https:\/\/sedes.org.br\/Departamentos\/Psicanalise_da_crianca\/wp-content\/uploads\/2025\/11\/Banner_site.jpg\" data-orig-src=\"https:\/\/sedes.org.br\/Departamentos\/Psicanalise_da_crianca\/wp-content\/uploads\/2025\/11\/Banner_site.jpg\" width=\"1353\" height=\"492\" class=\"lazyload wp-image-6261\" srcset=\"data:image\/svg+xml,%3Csvg%20xmlns%3D%27http%3A%2F%2Fwww.w3.org%2F2000%2Fsvg%27%20width%3D%271353%27%20height%3D%27492%27%20viewBox%3D%270%200%201353%20492%27%3E%3Crect%20width%3D%271353%27%20height%3D%27492%27%20fill-opacity%3D%220%22%2F%3E%3C%2Fsvg%3E\" data-srcset=\"https:\/\/sedes.org.br\/Departamentos\/Psicanalise_da_crianca\/wp-content\/uploads\/2025\/11\/Banner_site-200x73.jpg 200w, https:\/\/sedes.org.br\/Departamentos\/Psicanalise_da_crianca\/wp-content\/uploads\/2025\/11\/Banner_site-400x145.jpg 400w, https:\/\/sedes.org.br\/Departamentos\/Psicanalise_da_crianca\/wp-content\/uploads\/2025\/11\/Banner_site-600x218.jpg 600w, https:\/\/sedes.org.br\/Departamentos\/Psicanalise_da_crianca\/wp-content\/uploads\/2025\/11\/Banner_site-800x291.jpg 800w, https:\/\/sedes.org.br\/Departamentos\/Psicanalise_da_crianca\/wp-content\/uploads\/2025\/11\/Banner_site-1200x436.jpg 1200w, https:\/\/sedes.org.br\/Departamentos\/Psicanalise_da_crianca\/wp-content\/uploads\/2025\/11\/Banner_site.jpg 1353w\" data-sizes=\"auto\" data-orig-sizes=\"(max-width: 700px) 100vw, 1353px\" \/><\/span><\/a><\/li><\/ul><\/div><\/div><\/div><style type=\"text\/css\">.fusion-body .fusion-builder-nested-column-0{width:100% !important;margin-top : 0px;margin-bottom : 5px;}.fusion-builder-nested-column-0 > .fusion-column-wrapper {padding-top : 0px !important;padding-right : 0px !important;margin-right : 2.375%;padding-bottom : 0px !important;padding-left : 0px !important;margin-left : 2.375%;}@media only screen and (max-width:1177px) {.fusion-body .fusion-builder-nested-column-0{width:100% !important;order : 0;}.fusion-builder-nested-column-0 > .fusion-column-wrapper {margin-right : 2.375%;margin-left : 2.375%;}}@media only screen and (max-width:700px) {.fusion-body .fusion-builder-nested-column-0{width:100% !important;order : 0;}.fusion-builder-nested-column-0 > .fusion-column-wrapper {margin-right : 2.375%;margin-left : 2.375%;}}<\/style><\/div><\/div><div class=\"fusion-builder-row fusion-builder-row-inner fusion-row fusion-flex-align-items-flex-start\" style=\"width:105% !important;max-width:105% !important;margin-left: calc(-5% \/ 2 );margin-right: calc(-5% \/ 2 );\"><div class=\"fusion-layout-column fusion_builder_column_inner fusion-builder-nested-column-1 fusion_builder_column_inner_1_3 1_3 fusion-flex-column fusion-no-small-visibility fusion-no-medium-visibility\"><div class=\"fusion-column-wrapper fusion-flex-justify-content-flex-start fusion-content-layout-column\" style=\"background-position:left top;background-repeat:no-repeat;-webkit-background-size:cover;-moz-background-size:cover;-o-background-size:cover;background-size:cover;padding: 0px 0px 0px 0px;\"><div class=\"fusion-no-small-visibility fusion-no-medium-visibility\"><span class=\" fusion-imageframe imageframe-none imageframe-1 hover-type-none fusion-no-small-visibility fusion-no-medium-visibility\"><img width=\"579\" height=\"546\" title=\"home-graphics-14 (1)\" src=\"https:\/\/sedes.org.br\/Departamentos\/Psicanalise_da_crianca\/wp-content\/uploads\/2022\/11\/home-graphics-14-1.png\" alt class=\"img-responsive wp-image-3377 disable-lazyload\" srcset=\"https:\/\/sedes.org.br\/Departamentos\/Psicanalise_da_crianca\/wp-content\/uploads\/2022\/11\/home-graphics-14-1-200x189.png 200w, https:\/\/sedes.org.br\/Departamentos\/Psicanalise_da_crianca\/wp-content\/uploads\/2022\/11\/home-graphics-14-1-400x377.png 400w, https:\/\/sedes.org.br\/Departamentos\/Psicanalise_da_crianca\/wp-content\/uploads\/2022\/11\/home-graphics-14-1.png 579w\" sizes=\"(max-width: 700px) 100vw, 400px\" \/><\/span><\/div><\/div><style type=\"text\/css\">.fusion-body .fusion-builder-nested-column-1{width:33.333333333333% !important;margin-top : 0px;margin-bottom : 20px;}.fusion-builder-nested-column-1 > .fusion-column-wrapper {padding-top : 0px !important;padding-right : 0px !important;margin-right : 7.125%;padding-bottom : 0px !important;padding-left : 0px !important;margin-left : 7.125%;}@media only screen and (max-width:1177px) {.fusion-body .fusion-builder-nested-column-1{width:33.333333333333% !important;order : 0;}.fusion-builder-nested-column-1 > .fusion-column-wrapper {margin-right : 7.125%;margin-left : 7.125%;}}@media only screen and (max-width:700px) {.fusion-body .fusion-builder-nested-column-1{width:100% !important;order : 0;}.fusion-builder-nested-column-1 > .fusion-column-wrapper {margin-right : 2.375%;margin-left : 2.375%;}}<\/style><\/div><div class=\"fusion-layout-column fusion_builder_column_inner fusion-builder-nested-column-2 fusion_builder_column_inner_2_3 2_3 fusion-flex-column\" id=\"div_sobre\"><div class=\"fusion-column-wrapper fusion-flex-justify-content-flex-start fusion-content-layout-block fusion-content-nowrap\" style=\"background-position:left top;background-repeat:no-repeat;-webkit-background-size:cover;-moz-background-size:cover;-o-background-size:cover;background-size:cover;padding: 0px 0px 0px 0px;\"><div class=\"fusion-text fusion-text-1\" style=\"font-size:var(--awb-typography2-font-size);line-height:var(--awb-typography2-line-height);letter-spacing:var(--awb-typography2-letter-spacing);text-transform:var(--awb-typography2-text-transform);color:var(--awb-color5);font-family:var(--awb-typography2-font-family);font-weight:var(--awb-typography2-font-weight);font-style:var(--awb-typography2-font-style);\"><div class=\"fusion-text fusion-text-1 fusion-text-no-margin\">\n<p>INSTITUTO SEDES SAPIENTIAE<\/p>\n<\/div>\n<\/div><style type=\"text\/css\"><\/style><div class=\"fusion-title title fusion-title-1 fusion-no-small-visibility fusion-no-medium-visibility fusion-sep-none fusion-title-text fusion-title-size-three\" style=\"margin-top:10px;margin-right:0px;margin-bottom:10px;margin-left:0px;\"><h3 class=\"title-heading-left\" style=\"margin:0;\">Departamento Psican\u00e1lise com Crian\u00e7as<\/h3><\/div><div class=\"fusion-text fusion-text-2 fusion-no-small-visibility fusion-no-medium-visibility fusion-text-no-margin\" style=\"font-size:18px;line-height:1.6;color:var(--awb-color5);margin-bottom:0px;\"><p style=\"width: 90%;\">Somos um espa\u00e7o de forma\u00e7\u00e3o, produ\u00e7\u00e3o e interlocu\u00e7\u00e3o no campo da psican\u00e1lise com crian\u00e7as. Apresentamos aqui, nossas atividades, organizadas nos setores Cursos, Extens\u00e3o, Eventos, Cl\u00ednica e Pesquisa e Divulga\u00e7\u00e3o.<\/p>\n<\/div><div class=\"fusion-button-wrapper\"><style>.fusion-body .fusion-button.button-1{border-color:var(--awb-color1);border-radius:5px 5px 5px 5px;background:var(--awb-color7);}.fusion-body .fusion-button.button-1 .fusion-button-text,.fusion-body .fusion-button.button-1 i,.fusion-body .fusion-button.button-1:hover .fusion-button-text,.fusion-body .fusion-button.button-1:hover i,.fusion-body .fusion-button.button-1:focus .fusion-button-text,.fusion-body .fusion-button.button-1:focus i,.fusion-body .fusion-button.button-1:active .fusion-button-text,.fusion-body .fusion-button.button-1:active i{color:var(--awb-color1);}.fusion-body .fusion-button.button-1:hover,.fusion-body .fusion-button.button-1:active,.fusion-body .fusion-button.button-1:focus{border-color:var(--awb-color1);background:var(--awb-color5);}<\/style><a class=\"fusion-button button-flat button-large button-custom button-1 fusion-button-span-no fusion-button-default-type fusion-animated btn_sobre\" data-animationType=\"fadeInLeft\" data-animationDuration=\"0.3\" data-animationOffset=\"top-into-view\" target=\"_self\" href=\"https:\/\/sedes.org.br\/Departamentos\/Psicanalise_da_crianca\/?p=501\" style=\"margin-top:20px;margin-right:30px;\" id=\"btn_sobre\"><span class=\"fusion-button-text\">Sobre N\u00f3s<\/span><\/a><\/div><div class=\"fusion-button-wrapper\"><style>.fusion-body .fusion-button.button-2{border-color:var(--awb-color1);border-radius:5px 5px 5px 5px;background:var(--awb-color7);}.fusion-body .fusion-button.button-2 .fusion-button-text,.fusion-body .fusion-button.button-2 i,.fusion-body .fusion-button.button-2:hover .fusion-button-text,.fusion-body .fusion-button.button-2:hover i,.fusion-body .fusion-button.button-2:focus .fusion-button-text,.fusion-body .fusion-button.button-2:focus i,.fusion-body .fusion-button.button-2:active .fusion-button-text,.fusion-body .fusion-button.button-2:active i{color:var(--awb-color1);}.fusion-body .fusion-button.button-2:hover,.fusion-body .fusion-button.button-2:active,.fusion-body .fusion-button.button-2:focus{border-color:var(--awb-color1);background:var(--awb-color5);}<\/style><a class=\"fusion-button button-flat button-large button-custom button-2 fusion-button-span-no fusion-button-default-type fusion-animated btn_sobre\" data-animationType=\"fadeInLeft\" data-animationDuration=\"0.3\" data-animationOffset=\"top-into-view\" target=\"_self\" href=\"https:\/\/sedes.org.br\/Departamentos\/Psicanalise_da_crianca\/?p=300\" style=\"margin-top:20px;margin-right:30px;\" id=\"btn_sobre\"><span class=\"fusion-button-text\">Nossa hist\u00f3ria<\/span><\/a><\/div><div class=\"fusion-button-wrapper\"><style>.fusion-body .fusion-button.button-3{border-color:var(--awb-color1);border-radius:5px 5px 5px 5px;background:var(--awb-color7);}.fusion-body .fusion-button.button-3 .fusion-button-text,.fusion-body .fusion-button.button-3 i,.fusion-body .fusion-button.button-3:hover .fusion-button-text,.fusion-body .fusion-button.button-3:hover i,.fusion-body .fusion-button.button-3:focus .fusion-button-text,.fusion-body .fusion-button.button-3:focus i,.fusion-body .fusion-button.button-3:active .fusion-button-text,.fusion-body .fusion-button.button-3:active i{color:var(--awb-color1);}.fusion-body .fusion-button.button-3:hover,.fusion-body .fusion-button.button-3:active,.fusion-body .fusion-button.button-3:focus{border-color:var(--awb-color1);background:var(--awb-color5);}<\/style><a class=\"fusion-button button-flat button-large button-custom button-3 fusion-button-default-span fusion-button-default-type fusion-animated btn_sobre\" data-animationType=\"fadeInLeft\" data-animationDuration=\"0.3\" data-animationOffset=\"top-into-view\" target=\"_self\" href=\"https:\/\/sedes.org.br\/Departamentos\/Psicanalise_da_crianca\/?p=832\" style=\"margin-top:20px;margin-right:30px;\" id=\"btn_sobre\"><span class=\"fusion-button-text\">Setores do Departamento<\/span><\/a><\/div><\/div><style type=\"text\/css\">.fusion-body .fusion-builder-nested-column-2{width:66.666666666667% !important;margin-top : 0px;margin-bottom : 20px;}.fusion-builder-nested-column-2 > .fusion-column-wrapper {padding-top : 0px !important;padding-right : 0px !important;margin-right : 3.5625%;padding-bottom : 0px !important;padding-left : 0px !important;margin-left : 3.5625%;}@media only screen and (max-width:1177px) {.fusion-body .fusion-builder-nested-column-2{width:66.666666666667% !important;order : 0;}.fusion-builder-nested-column-2 > .fusion-column-wrapper {margin-right : 3.5625%;margin-left : 3.5625%;}}@media only screen and (max-width:700px) {.fusion-body .fusion-builder-nested-column-2{width:100% !important;order : 0;}.fusion-builder-nested-column-2 > .fusion-column-wrapper {margin-right : 2.375%;margin-left : 2.375%;}}<\/style><\/div><\/div><div class=\"fusion-builder-row fusion-builder-row-inner fusion-row fusion-flex-align-items-flex-start\" style=\"width:105% !important;max-width:105% !important;margin-left: calc(-5% \/ 2 );margin-right: calc(-5% \/ 2 );\"><div class=\"fusion-layout-column fusion_builder_column_inner fusion-builder-nested-column-3 fusion_builder_column_inner_1_1 1_1 fusion-flex-column\"><div class=\"fusion-column-wrapper fusion-flex-justify-content-flex-start fusion-content-layout-column\" style=\"background-position:left top;background-repeat:no-repeat;-webkit-background-size:cover;-moz-background-size:cover;-o-background-size:cover;background-size:cover;padding: 0px 0px 0px 0px;\"><style type=\"text\/css\">@media only screen and (max-width:1177px) {.fusion-title.fusion-title-2{margin-top:10px!important; margin-right:0px!important;margin-bottom:15px!important;margin-left:0px!important;}}@media only screen and (max-width:700px) {.fusion-title.fusion-title-2{margin-top:10px!important; margin-right:0px!important;margin-bottom:10px!important; margin-left:0px!important;}}<\/style><div class=\"fusion-title title fusion-title-2 fusion-sep-none fusion-title-text fusion-title-size-three\" style=\"margin-top:10px;margin-right:0px;margin-bottom:15px;margin-left:0px;\"><h3 class=\"title-heading-left\" style=\"margin:0;color:var(--awb-color7);\">CURSOS<\/h3><\/div><\/div><style type=\"text\/css\">.fusion-body .fusion-builder-nested-column-3{width:100% !important;margin-top : 0px;margin-bottom : 0px;}.fusion-builder-nested-column-3 > .fusion-column-wrapper {padding-top : 0px !important;padding-right : 0px !important;margin-right : 2.375%;padding-bottom : 0px !important;padding-left : 0px !important;margin-left : 2.375%;}@media only screen and (max-width:1177px) {.fusion-body .fusion-builder-nested-column-3{width:100% !important;order : 0;}.fusion-builder-nested-column-3 > .fusion-column-wrapper {margin-right : 2.375%;margin-left : 2.375%;}}@media only screen and (max-width:700px) {.fusion-body .fusion-builder-nested-column-3{width:100% !important;order : 0;}.fusion-builder-nested-column-3 > .fusion-column-wrapper {margin-right : 2.375%;margin-left : 2.375%;}}<\/style><\/div><div class=\"fusion-layout-column fusion_builder_column_inner fusion-builder-nested-column-4 fusion_builder_column_inner_1_3 1_3 fusion-flex-column\"><div class=\"fusion-column-wrapper fusion-flex-justify-content-flex-start fusion-content-layout-column\" style=\"background-position:left top;background-repeat:no-repeat;-webkit-background-size:cover;-moz-background-size:cover;-o-background-size:cover;background-size:cover;padding: 0px 0px 0px 0px;\"><style type=\"text\/css\">@media only screen and (max-width:1177px) {.fusion-title.fusion-title-3{margin-top:10px!important; margin-right:0px!important;margin-bottom:15px!important;margin-left:0px!important;}}@media only screen and (max-width:700px) {.fusion-title.fusion-title-3{margin-top:10px!important; margin-right:0px!important;margin-bottom:10px!important; margin-left:0px!important;}}<\/style><div class=\"fusion-title title fusion-title-3 fusion-sep-none fusion-title-text fusion-title-size-four\" style=\"margin-top:10px;margin-right:0px;margin-bottom:15px;margin-left:0px;\"><h4 class=\"title-heading-left\" style=\"margin:0;color:var(--awb-color7);\">Psican\u00e1lise Com Crian\u00e7as<\/h4><\/div><div class=\"fusion-text fusion-text-3\" style=\"font-size:14px;line-height:1.3;color:var(--awb-color6);\"><p id=\"m_7321408683677565746gmail-u64281-11\"><span id=\"m_7321408683677565746gmail-u64281-10\">Consideramos tamb\u00e9m essenciais \u00e0 forma\u00e7\u00e3o a an\u00e1lise pessoal, a atividade cl\u00ednica, a supervis\u00e3o individual e a participa\u00e7\u00e3o em espa\u00e7os de interlocu\u00e7\u00e3o. A pertin\u00eancia do curso ao Departamento Psican\u00e1lise com Crian\u00e7as possibilita aos alunos diversas modalidades de inser\u00e7\u00e3o e de participa\u00e7\u00e3o em projetos de discuss\u00e3o e pesquisa cl\u00ednica (Sustentar: psican\u00e1lise, inf\u00e2ncias e sa\u00fade p\u00fablica, Gemelar: gemelaridade e reprodu\u00e7\u00e3o assistida, novos desafios para a psican\u00e1lise, e Acesso: crian\u00e7as e fam\u00edlias separadas de seus n\u00facleos de origem), em publica\u00e7\u00f5es, em grupos de estudo e em eventos (Col\u00f3quio e Jornadas).<\/span><\/p>\n<p>Dura\u00e7\u00e3o: Tr\u00eas anos<br \/>\nCarga hor\u00e1ria: 582 horas<\/p>\n<\/div><div ><style>.fusion-body .fusion-button.button-4{border-radius:5px 5px 5px 5px;}<\/style><a class=\"fusion-button button-flat fusion-button-default-size button-default button-4 fusion-button-default-span fusion-button-default-type\" target=\"_self\" href=\"https:\/\/sedes.org.br\/Departamentos\/Psicanalise_da_crianca\/?p=742\"><span class=\"fusion-button-text\">Ver mais<\/span><\/a><\/div><\/div><style type=\"text\/css\">.fusion-body .fusion-builder-nested-column-4{width:33.333333333333% !important;margin-top : 0px;margin-bottom : 20px;}.fusion-builder-nested-column-4 > .fusion-column-wrapper {padding-top : 0px !important;padding-right : 0px !important;margin-right : 7.125%;padding-bottom : 0px !important;padding-left : 0px !important;margin-left : 7.125%;}@media only screen and (max-width:1177px) {.fusion-body .fusion-builder-nested-column-4{width:33.333333333333% !important;order : 0;}.fusion-builder-nested-column-4 > .fusion-column-wrapper {margin-right : 7.125%;margin-left : 7.125%;}}@media only screen and (max-width:700px) {.fusion-body .fusion-builder-nested-column-4{width:100% !important;order : 0;}.fusion-builder-nested-column-4 > .fusion-column-wrapper {margin-right : 2.375%;margin-left : 2.375%;}}<\/style><\/div><div class=\"fusion-layout-column fusion_builder_column_inner fusion-builder-nested-column-5 fusion_builder_column_inner_1_3 1_3 fusion-flex-column\"><div class=\"fusion-column-wrapper fusion-flex-justify-content-flex-start fusion-content-layout-column\" style=\"background-position:left top;background-repeat:no-repeat;-webkit-background-size:cover;-moz-background-size:cover;-o-background-size:cover;background-size:cover;padding: 0px 0px 0px 0px;\"><style type=\"text\/css\">@media only screen and (max-width:1177px) {.fusion-title.fusion-title-4{margin-top:10px!important; margin-right:0px!important;margin-bottom:15px!important;margin-left:0px!important;}}@media only screen and (max-width:700px) {.fusion-title.fusion-title-4{margin-top:10px!important; margin-right:0px!important;margin-bottom:10px!important; margin-left:0px!important;}}<\/style><div class=\"fusion-title title fusion-title-4 fusion-sep-none fusion-title-text fusion-title-size-four\" style=\"margin-top:10px;margin-right:0px;margin-bottom:15px;margin-left:0px;\"><h4 class=\"title-heading-left\" style=\"margin:0;color:var(--awb-color7);\">Olhar psicanal\u00edtico e contin\u00eancia na pr\u00e1tica profissional: Observa\u00e7\u00e3o pais-beb\u00ea<\/h4><\/div><div class=\"fusion-text fusion-text-4\" style=\"font-size:14px;line-height:1.3;color:var(--awb-color6);\"><p class=\"p3\">A experi\u00eancia de observa\u00e7\u00e3o psicanal\u00edtica de acompanhar um beb\u00ea na rela\u00e7\u00e3o familiar durante o per\u00edodo de 2 anos tem se mostrado importante para o aprimoramento de olhar e escuta psicanal\u00edtica na pr\u00e1tica profissional em sa\u00fade e educa\u00e7\u00e3o.<\/p>\n<p class=\"p3\">O M\u00e9todo de Observa\u00e7\u00e3o Pais-Beb\u00ea, criado pela psicanalista Esther Bick em 1948, \u00e9 ferramenta potente para o desenvolvimento da capacidade de tolerar os estados mentais em todas as suas varia\u00e7\u00f5es, sobretudo em n\u00edveis arcaicos de extremo desamparo e vulnerabilidades. Observar e conter afetos, podendo serem transformados em pensamentos.<\/p>\n<\/div><div ><style>.fusion-body .fusion-button.button-5{border-radius:5px 5px 5px 5px;}<\/style><a class=\"fusion-button button-flat fusion-button-default-size button-default button-5 fusion-button-default-span fusion-button-default-type\" target=\"_self\" href=\"https:\/\/sedes.org.br\/Departamentos\/Psicanalise_da_crianca\/?p=6108\"><span class=\"fusion-button-text\">Ver mais<\/span><\/a><\/div><\/div><style type=\"text\/css\">.fusion-body .fusion-builder-nested-column-5{width:33.333333333333% !important;margin-top : 0px;margin-bottom : 20px;}.fusion-builder-nested-column-5 > .fusion-column-wrapper {padding-top : 0px !important;padding-right : 0px !important;margin-right : 7.125%;padding-bottom : 0px !important;padding-left : 0px !important;margin-left : 7.125%;}@media only screen and (max-width:1177px) {.fusion-body .fusion-builder-nested-column-5{width:33.333333333333% !important;order : 0;}.fusion-builder-nested-column-5 > .fusion-column-wrapper {margin-right : 7.125%;margin-left : 7.125%;}}@media only screen and (max-width:700px) {.fusion-body .fusion-builder-nested-column-5{width:100% !important;order : 0;}.fusion-builder-nested-column-5 > .fusion-column-wrapper {margin-right : 2.375%;margin-left : 2.375%;}}<\/style><\/div><div class=\"fusion-layout-column fusion_builder_column_inner fusion-builder-nested-column-6 fusion_builder_column_inner_1_3 1_3 fusion-flex-column\"><div class=\"fusion-column-wrapper fusion-flex-justify-content-flex-start fusion-content-layout-column\" style=\"background-position:left top;background-repeat:no-repeat;-webkit-background-size:cover;-moz-background-size:cover;-o-background-size:cover;background-size:cover;padding: 0px 0px 0px 0px;\"><style type=\"text\/css\">@media only screen and (max-width:1177px) {.fusion-title.fusion-title-5{margin-top:10px!important; margin-right:0px!important;margin-bottom:15px!important;margin-left:0px!important;}}@media only screen and (max-width:700px) {.fusion-title.fusion-title-5{margin-top:10px!important; margin-right:0px!important;margin-bottom:10px!important; margin-left:0px!important;}}<\/style><div class=\"fusion-title title fusion-title-5 fusion-sep-none fusion-title-text fusion-title-size-four\" style=\"margin-top:10px;margin-right:0px;margin-bottom:15px;margin-left:0px;\"><h4 class=\"title-heading-left\" style=\"margin:0;color:var(--awb-color7);\">Cursos de Expans\u00e3o<\/h4><\/div><div class=\"fusion-text fusion-text-5\" style=\"font-size:14px;line-height:1.3;color:var(--awb-color6);\"><p><strong>A Crian\u00e7a e a Palavra: A Linguagem na Cl\u00ednica Interdisciplinar<\/strong><br \/>\nDiscutir as quest\u00f5es de fala e linguagem nas crian\u00e7as a partir da cl\u00ednica interdisciplinar.<\/p>\n<p><strong>Sentir com os Beb\u00eas: Contin\u00eancia e Olhar Psicanal\u00edtico na Forma\u00e7\u00e3o Profissional<\/strong><br \/>\nRefletir sobre situa\u00e7\u00f5es de trabalho em contextos de sa\u00fade e educa\u00e7\u00e3o a partir da Observa\u00e7\u00e3o Psicanal\u00edtica.<\/p>\n<p><strong>Sentir com os Beb\u00eas: Contin\u00eancia e Olhar Psicanal\u00edtico na Forma\u00e7\u00e3o Profissional<\/strong><br \/>\nRefletir sobre situa\u00e7\u00f5es de trabalho em contextos de sa\u00fade e educa\u00e7\u00e3o a partir da Observa\u00e7\u00e3o Psicanal\u00edtica.<\/p>\n<p><strong>Leituras Psicanal\u00edticas do Brincar<\/strong><br \/>\nApresentar e refletir sobre as contribui\u00e7\u00f5es mais importantes da psican\u00e1lise sobre o brincar.<\/p>\n<\/div><div ><style>.fusion-body .fusion-button.button-6{border-radius:5px 5px 5px 5px;}<\/style><a class=\"fusion-button button-flat fusion-button-default-size button-default button-6 fusion-button-default-span fusion-button-default-type\" target=\"_self\" href=\"https:\/\/sedes.org.br\/Departamentos\/Psicanalise_da_crianca\/?p=639\"><span class=\"fusion-button-text\">Ver mais<\/span><\/a><\/div><\/div><style type=\"text\/css\">.fusion-body .fusion-builder-nested-column-6{width:33.333333333333% !important;margin-top : 0px;margin-bottom : 20px;}.fusion-builder-nested-column-6 > .fusion-column-wrapper {padding-top : 0px !important;padding-right : 0px !important;margin-right : 7.125%;padding-bottom : 0px !important;padding-left : 0px !important;margin-left : 7.125%;}@media only screen and (max-width:1177px) {.fusion-body .fusion-builder-nested-column-6{width:33.333333333333% !important;order : 0;}.fusion-builder-nested-column-6 > .fusion-column-wrapper {margin-right : 7.125%;margin-left : 7.125%;}}@media only screen and (max-width:700px) {.fusion-body .fusion-builder-nested-column-6{width:100% !important;order : 0;}.fusion-builder-nested-column-6 > .fusion-column-wrapper {margin-right : 2.375%;margin-left : 2.375%;}}<\/style><\/div><\/div><\/div><style type=\"text\/css\">.fusion-body .fusion-builder-column-0{width:75% !important;margin-top : 0px;margin-bottom : 20px;}.fusion-builder-column-0 > .fusion-column-wrapper {padding-top : 0px !important;padding-right : 0px !important;margin-right : 3.1666666666667%;padding-bottom : 0px !important;padding-left : 0px !important;margin-left : 3.1666666666667%;}@media only screen and (max-width:1177px) {.fusion-body .fusion-builder-column-0{width:75% !important;order : 0;}.fusion-builder-column-0 > .fusion-column-wrapper {margin-right : 3.1666666666667%;margin-left : 3.1666666666667%;}}@media only screen and (max-width:700px) {.fusion-body .fusion-builder-column-0{width:100% !important;order : 0;}.fusion-builder-column-0 > .fusion-column-wrapper {margin-right : 2.375%;margin-left : 2.375%;}}<\/style><\/div><div class=\"fusion-layout-column fusion_builder_column fusion-builder-column-1 fusion_builder_column_1_4 1_4 fusion-flex-column\"><div class=\"fusion-column-wrapper fusion-flex-justify-content-flex-start fusion-content-layout-column\" style=\"background-position:left top;background-repeat:no-repeat;-webkit-background-size:cover;-moz-background-size:cover;-o-background-size:cover;background-size:cover;background-color:rgba(242,109,0,0.24);padding: 0px 0px 0px 0px;\"><style type=\"text\/css\">@media only screen and (max-width:1177px) {.fusion-title.fusion-title-6{margin-top:10px!important; margin-right:0px!important;margin-bottom:15px!important;margin-left:20px!important;}}@media only screen and (max-width:700px) {.fusion-title.fusion-title-6{margin-top:10px!important; margin-right:0px!important;margin-bottom:10px!important; margin-left:0px!important;}}<\/style><div class=\"fusion-title title fusion-title-6 fusion-sep-none fusion-title-text fusion-title-size-four\" style=\"margin-top:10px;margin-right:0px;margin-bottom:15px;margin-left:20px;\"><h4 class=\"title-heading-left\" style=\"margin:0;color:var(--awb-color6);\">Nossos Col\u00f3quios anteriores:<\/h4><\/div><div class=\"fusion-blog-shortcode fusion-blog-shortcode-1 fusion-blog-archive fusion-blog-layout-grid-wrapper fusion-blog-no\" style=\"margin-bottom:0px;\"><style type=\"text\/css\">.fusion-blog-shortcode-1 .fusion-blog-layout-grid .fusion-post-grid{padding:20px;}.fusion-blog-shortcode-1 .fusion-posts-container{margin-left: -20px !important; margin-right:-20px !important;}<\/style><style>.fusion-blog-shortcode.fusion-blog-shortcode-1 .entry-title{font-family:\"Noto Sans\" !important;font-weight:400 !important;font-size:17px !important;line-height:1 !important;letter-spacing:var(--awb-typography4-letter-spacing) !important;text-transform:var(--awb-typography4-text-transform) !important;}<\/style><div class=\"fusion-posts-container fusion-posts-container-no fusion-no-meta-info fusion-blog-rollover fusion-blog-layout-grid fusion-blog-layout-grid-1 isotope\" data-pages=\"3\" data-grid-col-space=\"40\" style=\"margin: -20px -20px 0;min-height:500px;\"><article id=\"blog-1-post-6238\" class=\"fusion-post-grid post-6238 post type-post status-publish format-standard has-post-thumbnail hentry category-coloquio\">\n<div class=\"fusion-post-wrapper\" style=\"background-color:rgba(255,255,255,0);border:none;\">\n\n\t\t\t<div class=\"fusion-flexslider flexslider fusion-flexslider-loading fusion-post-slideshow\" style=\"border-color:rgba(255,255,255,0);\">\n\t\t<ul class=\"slides\">\n\t\t\t\n\t\t\t\t\t\t\t\t\t\t\t\t\t\t<li><div  class=\"fusion-image-wrapper\" aria-haspopup=\"true\">\n\t\t\t\t<img width=\"583\" height=\"792\" src=\"https:\/\/sedes.org.br\/Departamentos\/Psicanalise_da_crianca\/wp-content\/uploads\/2024\/11\/coloquio-VIII.png\" class=\"attachment-full size-full lazyload wp-post-image\" alt=\"\" srcset=\"data:image\/svg+xml,%3Csvg%20xmlns%3D%27http%3A%2F%2Fwww.w3.org%2F2000%2Fsvg%27%20width%3D%27583%27%20height%3D%27792%27%20viewBox%3D%270%200%20583%20792%27%3E%3Crect%20width%3D%27583%27%20height%3D%27792%27%20fill-opacity%3D%220%22%2F%3E%3C%2Fsvg%3E\" data-orig-src=\"https:\/\/sedes.org.br\/Departamentos\/Psicanalise_da_crianca\/wp-content\/uploads\/2024\/11\/coloquio-VIII.png\" data-srcset=\"https:\/\/sedes.org.br\/Departamentos\/Psicanalise_da_crianca\/wp-content\/uploads\/2024\/11\/coloquio-VIII-200x272.png 200w, https:\/\/sedes.org.br\/Departamentos\/Psicanalise_da_crianca\/wp-content\/uploads\/2024\/11\/coloquio-VIII-400x543.png 400w, https:\/\/sedes.org.br\/Departamentos\/Psicanalise_da_crianca\/wp-content\/uploads\/2024\/11\/coloquio-VIII.png 583w\" data-sizes=\"auto\" \/><div class=\"fusion-rollover\">\n\t<div class=\"fusion-rollover-content\">\n\n\t\t\t\t\n\t\t\n\t\t\t\t\t\t\t\t\t\t\t\t<h4 class=\"fusion-rollover-title\">\n\t\t\t\t\t<a class=\"fusion-rollover-title-link\" href=\"https:\/\/sedes.org.br\/Departamentos\/Psicanalise_da_crianca\/?p=6238\">\n\t\t\t\t\t\tVII COL\u00d3QUIO &#8211; Inf\u00e2ncias Colonizadas e o Brincar Subversivo\t\t\t\t\t<\/a>\n\t\t\t\t<\/h4>\n\t\t\t\n\t\t\t\t\t\t\t\t\t\t<div class=\"fusion-rollover-categories\"><a href=\"https:\/\/sedes.org.br\/Departamentos\/Psicanalise_da_crianca\/?cat=85\" rel=\"tag\">coloquio<\/a><\/div>\t\t\t\t\t\n\t\t\n\t\t\t\t\t\t<a class=\"fusion-link-wrapper\" href=\"https:\/\/sedes.org.br\/Departamentos\/Psicanalise_da_crianca\/?p=6238\" aria-label=\"VII COL\u00d3QUIO &#8211; Inf\u00e2ncias Colonizadas e o Brincar Subversivo\"><\/a>\n\t<\/div>\n<\/div>\n<\/div>\n<\/li>\n\t\t\t\n\t\t\t\n\t\t\t\t\t\t\t\t\t\t\t\t\t\t\t\t\t\t\t\t\t\t\t\t\t\t\t\t\t\t\t\t\t\t\t\t\t\t\t\t\t\t\t\t\t\t\t\t\t\t\t\t\t\t\t\t\t\t\t\t\t\t\t\t\t\t\t\t<\/ul>\n\t<\/div>\n\t<div class=\"fusion-post-content-wrapper\" style=\"padding:0px 25px 0 25px;\"><div class=\"fusion-post-content post-content\"><h6 class=\"blog-shortcode-post-title entry-title\"><a href=\"https:\/\/sedes.org.br\/Departamentos\/Psicanalise_da_crianca\/?p=6238\">VII COL\u00d3QUIO &#8211; Inf\u00e2ncias Colonizadas e o Brincar Subversivo<\/a><\/h6><\/div><\/div><div class=\"fusion-clearfix\"><\/div><\/div>\n<\/article>\n<article id=\"blog-1-post-2741\" class=\"fusion-post-grid post-2741 post type-post status-publish format-standard has-post-thumbnail hentry category-coloquio category-eventoteca-2 tag-coloquio\">\n<div class=\"fusion-post-wrapper\" style=\"background-color:rgba(255,255,255,0);border:none;\">\n\n\t\t\t<div class=\"fusion-flexslider flexslider fusion-flexslider-loading fusion-post-slideshow\" style=\"border-color:rgba(255,255,255,0);\">\n\t\t<ul class=\"slides\">\n\t\t\t\n\t\t\t\t\t\t\t\t\t\t\t\t\t\t<li><div  class=\"fusion-image-wrapper\" aria-haspopup=\"true\">\n\t\t\t\t<img width=\"770\" height=\"1062\" src=\"data:image\/svg+xml,%3Csvg%20xmlns%3D%27http%3A%2F%2Fwww.w3.org%2F2000%2Fsvg%27%20width%3D%27770%27%20height%3D%271062%27%20viewBox%3D%270%200%20770%201062%27%3E%3Crect%20width%3D%27770%27%20height%3D%271062%27%20fill-opacity%3D%220%22%2F%3E%3C%2Fsvg%3E\" class=\"attachment-full size-full lazyload wp-post-image\" alt=\"\" data-orig-src=\"https:\/\/sedes.org.br\/Departamentos\/Psicanalise_da_crianca\/wp-content\/uploads\/2018\/02\/image0121.jpg\" \/><div class=\"fusion-rollover\">\n\t<div class=\"fusion-rollover-content\">\n\n\t\t\t\t\n\t\t\n\t\t\t\t\t\t\t\t\t\t\t\t<h4 class=\"fusion-rollover-title\">\n\t\t\t\t\t<a class=\"fusion-rollover-title-link\" href=\"https:\/\/sedes.org.br\/Departamentos\/Psicanalise_da_crianca\/?p=2741\">\n\t\t\t\t\t\tV Col\u00f3quio de Psican\u00e1lise com Crian\u00e7as: A crian\u00e7a e o mal-estar contempor\u00e2neo\t\t\t\t\t<\/a>\n\t\t\t\t<\/h4>\n\t\t\t\n\t\t\t\t\t\t\t\t\t\t<div class=\"fusion-rollover-categories\"><a href=\"https:\/\/sedes.org.br\/Departamentos\/Psicanalise_da_crianca\/?cat=85\" rel=\"tag\">coloquio<\/a>, <a href=\"https:\/\/sedes.org.br\/Departamentos\/Psicanalise_da_crianca\/?cat=70\" rel=\"tag\">eventoteca<\/a><\/div>\t\t\t\t\t\n\t\t\n\t\t\t\t\t\t<a class=\"fusion-link-wrapper\" href=\"https:\/\/sedes.org.br\/Departamentos\/Psicanalise_da_crianca\/?p=2741\" aria-label=\"V Col\u00f3quio de Psican\u00e1lise com Crian\u00e7as: A crian\u00e7a e o mal-estar contempor\u00e2neo\"><\/a>\n\t<\/div>\n<\/div>\n<\/div>\n<\/li>\n\t\t\t\n\t\t\t\n\t\t\t\t\t\t\t\t\t\t\t\t\t\t\t\t\t\t\t\t\t\t\t\t\t\t\t\t\t\t\t\t\t\t\t\t\t\t\t\t\t\t\t\t\t\t\t\t\t\t\t\t\t\t\t\t\t\t\t\t\t\t\t\t\t\t\t\t<\/ul>\n\t<\/div>\n\t<div class=\"fusion-post-content-wrapper\" style=\"padding:0px 25px 0 25px;\"><div class=\"fusion-post-content post-content\"><h6 class=\"blog-shortcode-post-title entry-title\"><a href=\"https:\/\/sedes.org.br\/Departamentos\/Psicanalise_da_crianca\/?p=2741\">V Col\u00f3quio de Psican\u00e1lise com Crian\u00e7as: A crian\u00e7a e o mal-estar contempor\u00e2neo<\/a><\/h6><\/div><\/div><div class=\"fusion-clearfix\"><\/div><\/div>\n<\/article>\n<div class=\"fusion-clearfix\"><\/div><\/div><\/div><div class=\"fusion-separator fusion-full-width-sep\" style=\"align-self: center;margin-left: auto;margin-right: auto;width:100%;\"><\/div><style type=\"text\/css\">@media only screen and (max-width:1177px) {.fusion-title.fusion-title-7{margin-top:10px!important; margin-right:0px!important;margin-bottom:15px!important;margin-left:20px!important;}}@media only screen and (max-width:700px) {.fusion-title.fusion-title-7{margin-top:10px!important; margin-right:0px!important;margin-bottom:10px!important; margin-left:0px!important;}}<\/style><div class=\"fusion-title title fusion-title-7 fusion-sep-none fusion-title-text fusion-title-size-four\" style=\"margin-top:10px;margin-right:0px;margin-bottom:15px;margin-left:20px;\"><h4 class=\"title-heading-left\" style=\"margin:0;color:var(--awb-color6);\">Buscar no site<\/h4><\/div><style type=\"text\/css\">.fusion-search-element-1 .searchform .fusion-search-form-content .fusion-search-field input,.fusion-search-element-1 .searchform .fusion-search-form-content .fusion-search-button input[type=submit] {height: 50px;}.fusion-search-element-1 .searchform .fusion-search-form-content .fusion-search-button input[type=submit] {line-height: 50px;}.fusion-search-element-1.fusion-search-form-clean .searchform .fusion-search-form-content .fusion-search-field input {padding-left: 50px;}.fusion-search-element-1 .searchform .fusion-search-form-content .fusion-search-button input[type=submit] {width: 50px;}.fusion-search-element-1 .searchform .fusion-search-form-content .fusion-search-field input,.fusion-search-element-1 .searchform .fusion-search-form-content .fusion-search-field input::placeholder,.fusion-search-element-1.fusion-search-form-clean .searchform .fusion-search-form-content .fusion-search-button input[type=submit] {color: hsla(var(--awb-color6-h),var(--awb-color6-s),var(--awb-color6-l),calc( var(--awb-color6-a) - 40% ));}.fusion-search-element-1 .searchform .fusion-search-form-content .fusion-search-field input:focus {border-color: var(--awb-color5);}.fusion-search-element-1 .searchform .fusion-search-form-content .fusion-search-field input,.fusion-search-element-1.fusion-search-form-clean .searchform .fusion-search-form-content .fusion-search-button input[type=submit] {font-size: 16px;}.fusion-search-element-1 .searchform .fusion-search-form-content .fusion-search-field input {background-color: var(--awb-color1);border-color: var(--awb-color4);}.fusion-search-element-1 .searchform.fusion-search-form-classic .fusion-search-form-content, .fusion-search-form-classic .searchform:not(.fusion-search-form-clean) .fusion-search-form-content {border-radius: 6px;overflow: hidden;}.fusion-search-element-1 .fusion-search-form-content input.s {border-radius: 6px;}<\/style><div class=\"fusion-search-element fusion-search-element-1 fusion-search-form-clean\" style=\"margin-right:10px;margin-left:10px;\">\t\t<form role=\"search\" class=\"searchform fusion-search-form  fusion-search-form-clean\" method=\"get\" action=\"https:\/\/sedes.org.br\/Departamentos\/Psicanalise_da_crianca\/\">\n\t\t\t<div class=\"fusion-search-form-content\">\n\n\t\t\t\t\n\t\t\t\t<div class=\"fusion-search-field search-field\">\n\t\t\t\t\t<label><span class=\"screen-reader-text\">Buscar resultados para:<\/span>\n\t\t\t\t\t\t\t\t\t\t\t\t\t<input type=\"search\" value=\"\" name=\"s\" class=\"s\" placeholder=\"Buscar no site\" required aria-required=\"true\" aria-label=\"Buscar no site\"\/>\n\t\t\t\t\t\t\t\t\t\t\t<\/label>\n\t\t\t\t<\/div>\n\t\t\t\t<div class=\"fusion-search-button search-button\">\n\t\t\t\t\t<input type=\"submit\" class=\"fusion-search-submit searchsubmit\" aria-label=\"Pesquisar\" value=\"&#xf002;\" \/>\n\t\t\t\t\t\t\t\t\t<\/div>\n\n\t\t\t\t<input type=\"hidden\" name=\"post_type[]\" value=\"any\" \/><input type=\"hidden\" name=\"search_limit_to_post_titles\" value=\"0\" \/><input type=\"hidden\" name=\"fs\" value=\"1\" \/>\n\t\t\t<\/div>\n\n\n\t\t\t\n\t\t<\/form>\n\t\t<\/div><div class=\"fusion-separator fusion-full-width-sep\" style=\"align-self: center;margin-left: auto;margin-right: auto;margin-top:20px;width:100%;\"><\/div><\/div><style type=\"text\/css\">.fusion-body .fusion-builder-column-1{width:25% !important;margin-top : 0px;margin-bottom : 20px;}.fusion-builder-column-1 > .fusion-column-wrapper {padding-top : 0px !important;padding-right : 0px !important;margin-right : 9.5%;padding-bottom : 0px !important;padding-left : 0px !important;margin-left : 9.5%;}@media only screen and (max-width:1177px) {.fusion-body .fusion-builder-column-1{width:25% !important;order : 0;}.fusion-builder-column-1 > .fusion-column-wrapper {margin-right : 9.5%;margin-left : 9.5%;}}@media only screen and (max-width:700px) {.fusion-body .fusion-builder-column-1{width:100% !important;order : 0;}.fusion-builder-column-1 > .fusion-column-wrapper {margin-right : 2.375%;margin-left : 2.375%;}}<\/style><\/div><\/div><style type=\"text\/css\">.fusion-body .fusion-flex-container.fusion-builder-row-1{ padding-top : 15px;margin-top : 0px;padding-right : 0px;padding-bottom : 0px;margin-bottom : 0px;padding-left : 0px;}<\/style><\/div><div class=\"fusion-fullwidth fullwidth-box fusion-builder-row-2 fusion-flex-container has-pattern-background has-mask-background fusion-parallax-fixed nonhundred-percent-fullwidth non-hundred-percent-height-scrolling lazyload\" style=\"background-color: rgba(255,255,255,0);background-image:linear-gradient(90deg, hsla(var(--awb-color7-h),var(--awb-color7-s),calc( var(--awb-color7-l) - 6% ),calc( var(--awb-color7-a) - 20% )) 0%,rgba(255,255,255,0) 78%);background-position: center top;background-repeat: no-repeat;background-blend-mode: luminosity;border-width: 0px 0px 0px 0px;border-color:var(--awb-color4);border-style:solid;-webkit-background-size:cover;-moz-background-size:cover;-o-background-size:cover;background-size:cover;background-attachment:fixed;\" data-bg=\"https:\/\/sedes.org.br\/Departamentos\/Psicanalise_da_crianca\/wp-content\/uploads\/2022\/12\/banner-21.jpg\" data-bg-gradient=\"linear-gradient(90deg, hsla(var(--awb-color7-h),var(--awb-color7-s),calc( var(--awb-color7-l) - 6% ),calc( var(--awb-color7-a) - 20% )) 0%,rgba(255,255,255,0) 78%)\" ><div class=\"fusion-builder-row fusion-row fusion-flex-align-items-center\" style=\"max-width:1365px;margin-left: calc(-5% \/ 2 );margin-right: calc(-5% \/ 2 );\"><div class=\"fusion-layout-column fusion_builder_column fusion-builder-column-2 fusion_builder_column_2_3 2_3 fusion-flex-column fusion-animated\" data-animationType=\"fadeInLeft\" data-animationDuration=\"1.0\" data-animationOffset=\"top-into-view\"><div class=\"fusion-column-wrapper fusion-flex-justify-content-center fusion-content-layout-column\" style=\"background-position:left top;background-repeat:no-repeat;-webkit-background-size:cover;-moz-background-size:cover;-o-background-size:cover;background-size:cover;padding: 0px 0px 0px 0px;\"><div class=\"fusion-text fusion-text-6 fusion-no-small-visibility fusion-no-medium-visibility\" style=\"font-size:21px;color:#ffffff;\"><p>Sob a responsabilidade do setor eventos do Departamento, os eventos que realizamos ao longo de nossa trajet\u00f3ria, como curso, e depois como Departamento, a partir de 1997, estar\u00e3o aqui alocados, preservando a hist\u00f3ria desses momentos.<\/p>\n<\/div><div ><style>.fusion-body .fusion-button.button-7{border-radius:5px 5px 5px 5px;}<\/style><a class=\"fusion-button button-flat button-xlarge button-default button-7 fusion-button-default-span fusion-button-default-type\" target=\"_self\" href=\"https:\/\/sedes.org.br\/Departamentos\/Psicanalise_da_crianca\/?page_id=3269\" style=\"margin-top:2vw;\"><span class=\"fusion-button-text\">Ver todos Eventos<\/span><\/a><\/div><\/div><style type=\"text\/css\">.fusion-body .fusion-builder-column-2{width:66.666666666667% !important;margin-top : 0px;margin-bottom : 0px;}.fusion-builder-column-2 > .fusion-column-wrapper {padding-top : 0px !important;padding-right : 0px !important;margin-right : 3.5625%;padding-bottom : 0px !important;padding-left : 0px !important;margin-left : 3.5625%;}@media only screen and (max-width:1177px) {.fusion-body .fusion-builder-column-2{width:66.666666666667% !important;}.fusion-builder-column-2 > .fusion-column-wrapper {margin-right : 3.5625%;margin-left : 3.5625%;}}@media only screen and (max-width:700px) {.fusion-body .fusion-builder-column-2{width:100% !important;}.fusion-builder-column-2 > .fusion-column-wrapper {margin-right : 2.375%;margin-left : 2.375%;}}<\/style><\/div><\/div><style type=\"text\/css\">.fusion-body .fusion-flex-container.fusion-builder-row-2{ padding-top : 8vw;margin-top : 0px;padding-right : 0px;padding-bottom : 8vw;margin-bottom : 0px;padding-left : 0px;}@media only screen and (max-width:700px) {.fusion-body .fusion-flex-container.fusion-builder-row-2{ padding-top : 12vw;padding-bottom : 12vw;}}<\/style><\/div><div class=\"fusion-fullwidth fullwidth-box fusion-builder-row-3 fusion-flex-container has-pattern-background has-mask-background nonhundred-percent-fullwidth non-hundred-percent-height-scrolling\" style=\"background-color: var(--awb-color7);background-position: center top;background-repeat: repeat-x;border-width: 0px 0px 0px 0px;border-color:var(--awb-color4);border-style:solid;\" ><div class=\"fusion-builder-row fusion-row fusion-flex-align-items-flex-start\" style=\"max-width:calc( 1300px + 7vw );margin-left: calc(-7vw \/ 2 );margin-right: calc(-7vw \/ 2 );\"><div class=\"fusion-layout-column fusion_builder_column fusion-builder-column-3 fusion_builder_column_1_2 1_2 fusion-flex-column\"><div class=\"fusion-column-wrapper fusion-flex-justify-content-center fusion-content-layout-column\" style=\"background-position:left top;background-repeat:no-repeat;-webkit-background-size:cover;-moz-background-size:cover;-o-background-size:cover;background-size:cover;padding: 0px 0px 0px 0px;\"><div class=\"fusion-text fusion-text-7\" style=\"text-align:left;font-size:17px;line-height:var(--awb-typography2-line-height);letter-spacing:var(--awb-typography2-letter-spacing);text-transform:var(--awb-typography2-text-transform);color:#ffffff;font-family:var(--awb-typography2-font-family);font-weight:var(--awb-typography2-font-weight);font-style:var(--awb-typography2-font-style);\"><p><strong>MEMBROS<\/strong><\/p>\n<\/div><div class=\"fusion-text fusion-text-8\" style=\"text-align:left;font-size:17px;color:var(--awb-color1);\"><p>Os membros do Departamento s\u00e3o vitais para a constru\u00e7\u00e3o do nosso projeto coletivo. Somente com o engajamento de cada um \u00e9 poss\u00edvel inventarmos e fomentarmos os diversos espa\u00e7os da nossa pequena comunidade, de modo a mant\u00ea-la viva e atuante, refletindo os interesses e as necessidades daqueles que a comp\u00f5em.<\/p>\n<\/div><div ><style>.fusion-body .fusion-button.button-8 .fusion-button-text,.fusion-body .fusion-button.button-8 i{color:var(--awb-color1);}.fusion-body .fusion-button.button-8{border-color:var(--awb-color1);border-width:1px 1px 1px 1px;border-radius:5px 5px 5px 5px;background:rgba(255,255,255,0);}.fusion-body .fusion-button.button-8:hover .fusion-button-text,.fusion-body .fusion-button.button-8:hover i,.fusion-body .fusion-button.button-8:focus .fusion-button-text,.fusion-body .fusion-button.button-8:focus i,.fusion-body .fusion-button.button-8:active .fusion-button-text,.fusion-body .fusion-button.button-8:active i{color:var(--awb-color7);}.fusion-body .fusion-button.button-8:hover,.fusion-body .fusion-button.button-8:active,.fusion-body .fusion-button.button-8:focus{border-color:var(--awb-color7);border-width:1px 1px 1px 1px;background:var(--awb-color1);}<\/style><a class=\"fusion-button button-flat fusion-button-default-size button-custom button-8 fusion-button-default-span fusion-button-default-type\" target=\"_self\" href=\"https:\/\/sedes.org.br\/Departamentos\/Psicanalise_da_crianca\/?p=840\" style=\"margin-top:20px;\"><span class=\"fusion-button-text\">\u00cdndice de membros<\/span><\/a><\/div><\/div><style type=\"text\/css\">.fusion-body .fusion-builder-column-3{width:50% !important;margin-top : 0px;margin-bottom : 0px;}.fusion-builder-column-3 > .fusion-column-wrapper {padding-top : 0px !important;padding-right : 0px !important;margin-right : calc( 0.1 * calc( 100% - 7vw ) );padding-bottom : 0px !important;padding-left : 0px !important;margin-left : 3.5vw;}@media only screen and (max-width:1177px) {.fusion-body .fusion-builder-column-3{width:50% !important;}.fusion-builder-column-3 > .fusion-column-wrapper {margin-right : calc( 0.1 * calc( 100% - 7vw ) );margin-left : 3.5vw;}}@media only screen and (max-width:700px) {.fusion-body .fusion-builder-column-3{width:100% !important;margin-bottom : 9vw;}.fusion-builder-column-3 > .fusion-column-wrapper {margin-right : 3.5vw;margin-left : 3.5vw;}}<\/style><\/div><div class=\"fusion-layout-column fusion_builder_column fusion-builder-column-4 fusion_builder_column_1_2 1_2 fusion-flex-column\"><div class=\"fusion-column-wrapper fusion-flex-justify-content-center fusion-content-layout-column\" style=\"background-position:left top;background-repeat:no-repeat;-webkit-background-size:cover;-moz-background-size:cover;-o-background-size:cover;background-size:cover;padding: 0px 0px 0px 0px;\"><div class=\"fusion-text fusion-text-9\" style=\"text-align:left;font-size:17px;line-height:var(--awb-typography2-line-height);letter-spacing:var(--awb-typography2-letter-spacing);text-transform:var(--awb-typography2-text-transform);color:var(--awb-color1);font-family:var(--awb-typography2-font-family);font-weight:var(--awb-typography2-font-weight);font-style:var(--awb-typography2-font-style);\"><p><strong>PUBLICA\u00c7\u00d5ES<\/strong><\/p>\n<\/div><div class=\"fusion-text fusion-text-10\" style=\"text-align:left;font-size:17px;color:var(--awb-color1);\"><p>Acesse aqui nossas publica\u00e7\u00f5es, contendo nossos boletins, informativos, livros, revists e Dvs&#8217;s.<\/p>\n<\/div><div style=\"text-align:left;\"><style>.fusion-body .fusion-button.button-9 .fusion-button-text,.fusion-body .fusion-button.button-9 i{color:var(--awb-color1);}.fusion-body .fusion-button.button-9{border-color:var(--awb-color1);border-width:1px 1px 1px 1px;border-radius:5px 5px 5px 5px;background:rgba(255,255,255,0);}.fusion-body .fusion-button.button-9:hover .fusion-button-text,.fusion-body .fusion-button.button-9:hover i,.fusion-body .fusion-button.button-9:focus .fusion-button-text,.fusion-body .fusion-button.button-9:focus i,.fusion-body .fusion-button.button-9:active .fusion-button-text,.fusion-body .fusion-button.button-9:active i{color:var(--awb-color7);}.fusion-body .fusion-button.button-9:hover,.fusion-body .fusion-button.button-9:active,.fusion-body .fusion-button.button-9:focus{border-color:var(--awb-color7);border-width:1px 1px 1px 1px;background:var(--awb-color1);}<\/style><a class=\"fusion-button button-flat fusion-button-default-size button-custom button-9 fusion-button-default-span fusion-button-default-type\" target=\"_self\" href=\"https:\/\/sedes.org.br\/Departamentos\/Psicanalise_da_crianca\/?cat=68\" style=\"margin-top:20px;\"><span class=\"fusion-button-text\">Nossas Publica\u00e7\u00f5es<\/span><\/a><\/div><\/div><style type=\"text\/css\">.fusion-body .fusion-builder-column-4{width:50% !important;margin-top : 0px;margin-bottom : 0px;}.fusion-builder-column-4 > .fusion-column-wrapper {padding-top : 0px !important;padding-right : 0px !important;margin-right : calc( 0.1 * calc( 100% - 7vw ) );padding-bottom : 0px !important;padding-left : 0px !important;margin-left : 3.5vw;}@media only screen and (max-width:1177px) {.fusion-body .fusion-builder-column-4{width:50% !important;}.fusion-builder-column-4 > .fusion-column-wrapper {margin-right : calc( 0.1 * calc( 100% - 7vw ) );margin-left : 3.5vw;}}@media only screen and (max-width:700px) {.fusion-body .fusion-builder-column-4{width:100% !important;}.fusion-builder-column-4 > .fusion-column-wrapper {margin-right : 3.5vw;margin-left : 3.5vw;}}<\/style><\/div><\/div><style type=\"text\/css\">.fusion-body .fusion-flex-container.fusion-builder-row-3{ padding-top : 6vw;margin-top : 0px;padding-right : 0px;padding-bottom : 3vw;margin-bottom : 0px;padding-left : 0px;}@media only screen and (max-width:1177px) {.fusion-body .fusion-flex-container.fusion-builder-row-3{ padding-top : 8vw;padding-bottom : 8vw;}}@media only screen and (max-width:700px) {.fusion-body .fusion-flex-container.fusion-builder-row-3{ padding-top : 14vw;padding-bottom : 14vw;}}<\/style><\/div><div class=\"fusion-fullwidth fullwidth-box fusion-builder-row-4 fusion-flex-container nonhundred-percent-fullwidth non-hundred-percent-height-scrolling\" style=\"background-color: hsla(var(--awb-color3-h),var(--awb-color3-s),var(--awb-color3-l),calc(var(--awb-color3-a) - 20%));background-position: center center;background-repeat: no-repeat;border-width: 0px 0px 0px 0px;border-color:var(--awb-color4);border-style:solid;\" ><div class=\"fusion-builder-row fusion-row fusion-flex-align-items-stretch\" style=\"max-width:calc( 1300px + 2.5vw );margin-left: calc(-2.5vw \/ 2 );margin-right: calc(-2.5vw \/ 2 );\"><div class=\"fusion-layout-column fusion_builder_column fusion-builder-column-5 fusion_builder_column_1_3 1_3 fusion-flex-column fusion-animated\" data-animationType=\"fadeInUp\" data-animationDuration=\"1.0\" data-animationOffset=\"top-into-view\"><div class=\"fusion-column-wrapper fusion-flex-justify-content-center fusion-content-layout-column\" style=\"background-position:left top;background-repeat:no-repeat;-webkit-background-size:cover;-moz-background-size:cover;-o-background-size:cover;background-size:cover;border-radius:6px 6px 6px 6px;background-color:var(--awb-color5);border-radius:6px 6px 6px 6px;overflow:hidden;padding: 4vw 2vw 4vw 2vw;\"><i class=\"fb-icon-element-1 fb-icon-element fontawesome-icon psychology-circle circle-no\" style=\"font-size:55px;margin-top:0px;margin-right:0px;margin-bottom:30px;margin-left:0px;\"><\/i><style>i.fb-icon-element.fontawesome-icon.fb-icon-element-1{ color: var(--awb-color1);}i.fb-icon-element.fontawesome-icon.fb-icon-element-1:hover { color: var(--awb-color1);}i.fb-icon-element.fontawesome-icon.fb-icon-element-1{ align-self:center;}<\/style><style type=\"text\/css\">@media only screen and (max-width:1177px) {.fusion-title.fusion-title-8{margin-top:10px!important; margin-right:0px!important;margin-bottom:15px!important;margin-left:0px!important;}}@media only screen and (max-width:700px) {.fusion-title.fusion-title-8{margin-top:10px!important; margin-right:0px!important;margin-bottom:10px!important; margin-left:0px!important;}}<\/style><div class=\"fusion-title title fusion-title-8 fusion-sep-none fusion-title-center fusion-title-text fusion-title-size-three\" style=\"font-size:32px;margin-top:10px;margin-right:0px;margin-bottom:15px;margin-left:0px;\"><h3 class=\"title-heading-center\" style=\"margin:0;font-size:1em;color:var(--awb-color1);\"><strong>Grupos de Trabalho<\/strong><\/h3><\/div><div class=\"fusion-text fusion-text-11\" style=\"text-align:center;font-size:15px;line-height:1.9;color:var(--awb-color1);\"><p>Um espa\u00e7o para al\u00e9m dos nossos cursos e eventos, para promover a discuss\u00e3o, a problematiza\u00e7\u00e3o e a pesquisa em psican\u00e1lise com crian\u00e7as.<\/p>\n<\/div><div style=\"text-align:center;\"><style>.fusion-body .fusion-button.button-10 .fusion-button-text,.fusion-body .fusion-button.button-10 i{color:var(--awb-color1);}.fusion-body .fusion-button.button-10{border-color:var(--awb-color1);border-width:1px 1px 1px 1px;border-radius:5px 5px 5px 5px;background:rgba(255,255,255,0);}.fusion-body .fusion-button.button-10:hover .fusion-button-text,.fusion-body .fusion-button.button-10:hover i,.fusion-body .fusion-button.button-10:focus .fusion-button-text,.fusion-body .fusion-button.button-10:focus i,.fusion-body .fusion-button.button-10:active .fusion-button-text,.fusion-body .fusion-button.button-10:active i{color:var(--awb-color5);}.fusion-body .fusion-button.button-10:hover,.fusion-body .fusion-button.button-10:active,.fusion-body .fusion-button.button-10:focus{border-color:var(--awb-color5);border-width:1px 1px 1px 1px;background:var(--awb-color1);}<\/style><a class=\"fusion-button button-flat fusion-button-default-size button-custom button-10 fusion-button-default-span fusion-button-default-type\" target=\"_self\" href=\"http:\/\/sedes.org.br\/Departamentos\/Psicanalise_da_crianca\/?p=2532\" style=\"margin-top:20px;\"><span class=\"fusion-button-text\">Conhe\u00e7a nossos grupos<\/span><\/a><\/div><\/div><style type=\"text\/css\">.fusion-body .fusion-builder-column-5{width:33.333333333333% !important;margin-top : 0px;margin-bottom : 0px;}.fusion-builder-column-5 > .fusion-column-wrapper {padding-top : 4vw !important;padding-right : 2vw !important;margin-right : 1.25vw;padding-bottom : 4vw !important;padding-left : 2vw !important;margin-left : 1.25vw;}@media only screen and (max-width:1177px) {.fusion-body .fusion-builder-column-5{width:40% !important;order : 0;}.fusion-builder-column-5 > .fusion-column-wrapper {margin-right : 1.25vw;margin-left : 1.25vw;}}@media only screen and (max-width:700px) {.fusion-body .fusion-builder-column-5{width:100% !important;order : 0;margin-bottom : 6vw;}.fusion-builder-column-5 > .fusion-column-wrapper {padding-top : 9vw !important;padding-right : 4vw !important;margin-right : 1.25vw;padding-bottom : 9vw !important;padding-left : 4vw !important;margin-left : 1.25vw;}}<\/style><\/div><div class=\"fusion-layout-column fusion_builder_column fusion-builder-column-6 fusion_builder_column_1_3 1_3 fusion-flex-column fusion-animated\" data-animationType=\"fadeInUp\" data-animationDuration=\"1.5\" data-animationOffset=\"top-into-view\"><div class=\"fusion-column-wrapper fusion-flex-justify-content-center fusion-content-layout-column\" style=\"background-position:left top;background-repeat:no-repeat;-webkit-background-size:cover;-moz-background-size:cover;-o-background-size:cover;background-size:cover;border-radius:6px 6px 6px 6px;background-color:var(--awb-color7);border-radius:6px 6px 6px 6px;overflow:hidden;padding: 4vw 2vw 4vw 2vw;\"><i class=\"fb-icon-element-2 fb-icon-element fontawesome-icon fa-newspaper far circle-no\" style=\"font-size:55px;margin-top:0px;margin-right:0px;margin-bottom:30px;margin-left:0px;\"><\/i><style>i.fb-icon-element.fontawesome-icon.fb-icon-element-2{ color: var(--awb-color1);}i.fb-icon-element.fontawesome-icon.fb-icon-element-2:hover { color: var(--awb-color1);}i.fb-icon-element.fontawesome-icon.fb-icon-element-2{ align-self:center;}<\/style><style type=\"text\/css\">@media only screen and (max-width:1177px) {.fusion-title.fusion-title-9{margin-top:10px!important; margin-right:0px!important;margin-bottom:15px!important;margin-left:0px!important;}}@media only screen and (max-width:700px) {.fusion-title.fusion-title-9{margin-top:10px!important; margin-right:0px!important;margin-bottom:10px!important; margin-left:0px!important;}}<\/style><div class=\"fusion-title title fusion-title-9 fusion-sep-none fusion-title-center fusion-title-text fusion-title-size-three\" style=\"font-size:32px;margin-top:10px;margin-right:0px;margin-bottom:15px;margin-left:0px;\"><h3 class=\"title-heading-center\" style=\"margin:0;font-size:1em;color:var(--awb-color1);\"><strong>Eventos<\/strong><\/h3><\/div><div class=\"fusion-text fusion-text-12\" style=\"text-align:center;font-size:15px;line-height:1.9;color:var(--awb-color1);\"><p>Acompanhe nossos eventos, agenda e eventos passados em nossa eventoteca.<\/p>\n<\/div><div style=\"text-align:center;\"><style>.fusion-body .fusion-button.button-11 .fusion-button-text,.fusion-body .fusion-button.button-11 i{color:var(--awb-color1);}.fusion-body .fusion-button.button-11{border-color:var(--awb-color1);border-width:1px 1px 1px 1px;border-radius:5px 5px 5px 5px;background:rgba(255,255,255,0);}.fusion-body .fusion-button.button-11:hover .fusion-button-text,.fusion-body .fusion-button.button-11:hover i,.fusion-body .fusion-button.button-11:focus .fusion-button-text,.fusion-body .fusion-button.button-11:focus i,.fusion-body .fusion-button.button-11:active .fusion-button-text,.fusion-body .fusion-button.button-11:active i{color:var(--awb-color7);}.fusion-body .fusion-button.button-11:hover,.fusion-body .fusion-button.button-11:active,.fusion-body .fusion-button.button-11:focus{border-color:var(--awb-color7);border-width:1px 1px 1px 1px;background:var(--awb-color1);}<\/style><a class=\"fusion-button button-flat fusion-button-default-size button-custom button-11 fusion-button-default-span fusion-button-default-type\" target=\"_self\" href=\"https:\/\/sedes.org.br\/Departamentos\/Psicanalise_da_crianca\/?p=853\" style=\"margin-top:20px;\"><span class=\"fusion-button-text\">Agenda<\/span><\/a><\/div><\/div><style type=\"text\/css\">.fusion-body .fusion-builder-column-6{width:33.333333333333% !important;margin-top : 0px;margin-bottom : 0px;}.fusion-builder-column-6 > .fusion-column-wrapper {padding-top : 4vw !important;padding-right : 2vw !important;margin-right : 1.25vw;padding-bottom : 4vw !important;padding-left : 2vw !important;margin-left : 1.25vw;}@media only screen and (max-width:1177px) {.fusion-body .fusion-builder-column-6{width:40% !important;order : 0;}.fusion-builder-column-6 > .fusion-column-wrapper {margin-right : 1.25vw;margin-left : 1.25vw;}}@media only screen and (max-width:700px) {.fusion-body .fusion-builder-column-6{width:100% !important;order : 0;margin-bottom : 6vw;}.fusion-builder-column-6 > .fusion-column-wrapper {padding-top : 9vw !important;padding-right : 4vw !important;margin-right : 1.25vw;padding-bottom : 9vw !important;padding-left : 4vw !important;margin-left : 1.25vw;}}<\/style><\/div><div class=\"fusion-layout-column fusion_builder_column fusion-builder-column-7 fusion_builder_column_1_3 1_3 fusion-flex-column fusion-column-inner-bg-wrapper fusion-animated\" data-animationType=\"fadeInUp\" data-animationDuration=\"2.0\" data-animationOffset=\"top-into-view\"><div class=\"fusion-column-wrapper fusion-flex-justify-content-flex-start fusion-content-layout-column fusion-empty-dims-bg-image\" style=\"border-radius:6px 6px 6px 6px;overflow:hidden;padding: 4vw 3vw 4vw 3vw;\" data-bg-url=\"http:\/\/sedes.org.br\/Departamentos\/Psicanalise_da_crianca\/wp-content\/uploads\/2022\/11\/222-01.png\"><div class=\"fusion-separator fusion-no-medium-visibility fusion-no-large-visibility fusion-full-width-sep\" style=\"align-self: center;margin-left: auto;margin-right: auto;margin-top:22vw;margin-bottom:22vw;width:100%;\"><\/div><\/div><span class=\"fusion-column-inner-bg hover-type-zoomin\" style=\"overflow:hidden;border-radius:6px 6px 6px 6px;;\"><a class=\"fusion-column-anchor\" href=\"#\"><span class=\"fusion-column-inner-bg-image lazyload\" style=\"background-position:center top;background-blend-mode: color;background-repeat:no-repeat;-webkit-background-size:cover;-moz-background-size:cover;-o-background-size:cover;background-size:cover;border-radius:6px 6px 6px 6px;\" data-bg=\"http:\/\/sedes.org.br\/Departamentos\/Psicanalise_da_crianca\/wp-content\/uploads\/2022\/11\/222-01.png\"><\/span><\/a><\/span><style type=\"text\/css\">.fusion-body .fusion-builder-column-7{width:33.333333333333% !important;margin-top : 0px;margin-bottom : 0px;}.fusion-builder-column-7 > .fusion-column-wrapper {padding-top : 4vw !important;padding-right : 3vw !important;margin-right : 1.25vw;padding-bottom : 4vw !important;padding-left : 3vw !important;margin-left : 1.25vw;}.fusion-flex-container .fusion-row .fusion-builder-column-7 > .fusion-column-inner-bg { margin-right:1.25vw;margin-left:1.25vw; }@media only screen and (max-width:1177px) {.fusion-body .fusion-builder-column-7{width:20% !important;order : 0;}.fusion-builder-column-7 > .fusion-column-wrapper {margin-right : 1.25vw;margin-left : 1.25vw;}.fusion-flex-container .fusion-row .fusion-builder-column-7 > .fusion-column-inner-bg { margin-right:1.25vw;margin-left:1.25vw; }}@media only screen and (min-width:1177px) {.fusion-body .fusion-builder-column-7 .fusion-empty-dims-img-placeholder { display: none; } }@media only screen and (max-width:700px) {.fusion-body .fusion-builder-column-7{width:100% !important;order : 0;}.fusion-builder-column-7 > .fusion-column-wrapper {margin-right : 1.25vw;margin-left : 1.25vw;}.fusion-flex-container .fusion-row .fusion-builder-column-7 > .fusion-column-inner-bg { margin-right:1.25vw;margin-left:1.25vw; }}<\/style><style type=\"text\/css\">.fusion-builder-column-7{filter: saturate(100%) sepia(0%);transition: filter 0.3s ease;}.fusion-builder-column-7:hover{filter: saturate(133%) sepia(34%);}<\/style><\/div><\/div><style type=\"text\/css\">.fusion-body .fusion-flex-container.fusion-builder-row-4{ padding-top : 7vw;margin-top : 0px;padding-right : 0px;padding-bottom : 7vw;margin-bottom : 0px;padding-left : 0px;}<\/style><\/div><\/p>\n","protected":false},"excerpt":{"rendered":"","protected":false},"author":1,"featured_media":0,"parent":0,"menu_order":0,"comment_status":"closed","ping_status":"closed","template":"100-width.php","meta":{"content-type":""},"_links":{"self":[{"href":"https:\/\/sedes.org.br\/Departamentos\/Psicanalise_da_crianca\/index.php?rest_route=\/wp\/v2\/pages\/5"}],"collection":[{"href":"https:\/\/sedes.org.br\/Departamentos\/Psicanalise_da_crianca\/index.php?rest_route=\/wp\/v2\/pages"}],"about":[{"href":"https:\/\/sedes.org.br\/Departamentos\/Psicanalise_da_crianca\/index.php?rest_route=\/wp\/v2\/types\/page"}],"author":[{"embeddable":true,"href":"https:\/\/sedes.org.br\/Departamentos\/Psicanalise_da_crianca\/index.php?rest_route=\/wp\/v2\/users\/1"}],"replies":[{"embeddable":true,"href":"https:\/\/sedes.org.br\/Departamentos\/Psicanalise_da_crianca\/index.php?rest_route=%2Fwp%2Fv2%2Fcomments&post=5"}],"version-history":[{"count":100,"href":"https:\/\/sedes.org.br\/Departamentos\/Psicanalise_da_crianca\/index.php?rest_route=\/wp\/v2\/pages\/5\/revisions"}],"predecessor-version":[{"id":6266,"href":"https:\/\/sedes.org.br\/Departamentos\/Psicanalise_da_crianca\/index.php?rest_route=\/wp\/v2\/pages\/5\/revisions\/6266"}],"wp:attachment":[{"href":"https:\/\/sedes.org.br\/Departamentos\/Psicanalise_da_crianca\/index.php?rest_route=%2Fwp%2Fv2%2Fmedia&parent=5"}],"curies":[{"name":"wp","href":"https:\/\/api.w.org\/{rel}","templated":true}]}}